{"id":11,"date":"2024-02-10T15:24:36","date_gmt":"2024-02-10T18:24:36","guid":{"rendered":"https:\/\/encontroamigosdoradio.com.br\/?page_id=11"},"modified":"2026-07-20T15:11:36","modified_gmt":"2026-07-20T18:11:36","slug":"duvidas-sobre-o-encontro-de-radioamadores-de-artur-nogueira","status":"publish","type":"page","link":"http:\/\/encontroamigosdoradio.com.br\/index.php\/duvidas-sobre-o-encontro-de-radioamadores-de-artur-nogueira\/","title":{"rendered":"D\u00favidas"},"content":{"rendered":"\n<p class=\"wp-block-paragraph\">Tire suas d\u00favidas entre em contato pelo e-mail rubenspy2ve@gmail.com ou Whatsapp 019974185136<\/p>\n\n\n\n<p class=\"wp-block-paragraph\"><\/p>\n\n\n\n<p class=\"wp-block-paragraph\">Meu telefone para contato 019974185136<\/p>\n\n\n\n<p class=\"wp-block-paragraph\"><\/p>\n\n\n\n<p class=\"wp-block-paragraph\">&#8211; <\/p>\n","protected":false},"excerpt":{"rendered":"<p>Tire suas d\u00favidas entre em contato pelo e-mail rubenspy2ve@gmail.com ou Whatsapp 019974185136 Meu telefone para contato 019974185136 &#8211;<\/p>\n","protected":false},"author":1,"featured_media":498,"parent":0,"menu_order":0,"comment_status":"closed","ping_status":"closed","template":"","meta":{"footnotes":""},"class_list":["post-11","page","type-page","status-publish","has-post-thumbnail","hentry"],"aioseo_notices":[],"aioseo_head":"\n\t\t<!-- All in One SEO 5.0.1.1 - aioseo.com -->\n\t<meta name=\"description\" content=\"Tire suas d\u00favidas entre em contato pelo e-mail rubenspy2ve@gmail.com ou Whatsapp 019974185136 Meu telefone para contato 019974185136 -\" \/>\n\t<meta name=\"robots\" content=\"max-image-preview:large\" \/>\n\t<link rel=\"canonical\" href=\"http:\/\/encontroamigosdoradio.com.br\/index.php\/duvidas-sobre-o-encontro-de-radioamadores-de-artur-nogueira\/\" \/>\n\t<meta name=\"generator\" content=\"All in One SEO (AIOSEO) 5.0.1.1\" \/>\n\t\t<meta property=\"og:locale\" content=\"pt_BR\" \/>\n\t\t<meta property=\"og:site_name\" content=\"6\u00ba Encontro Amigos do R\u00e1dio 111\/10\/2026 - Onde a paix\u00e3o vira comunica\u00e7\u00e3o e amizade vira fam\u00edlia\" \/>\n\t\t<meta property=\"og:type\" content=\"article\" \/>\n\t\t<meta property=\"og:title\" content=\"D\u00favidas - 6\u00ba Encontro Amigos do R\u00e1dio 111\/10\/2026\" \/>\n\t\t<meta property=\"og:description\" content=\"Tire suas d\u00favidas entre em contato pelo e-mail rubenspy2ve@gmail.com ou Whatsapp 019974185136 Meu telefone para contato 019974185136 -\" \/>\n\t\t<meta property=\"og:url\" content=\"http:\/\/encontroamigosdoradio.com.br\/index.php\/duvidas-sobre-o-encontro-de-radioamadores-de-artur-nogueira\/\" \/>\n\t\t<meta property=\"og:image\" content=\"http:\/\/encontroamigosdoradio.com.br\/wp-content\/uploads\/2026\/07\/cropped-banner-01.png\" \/>\n\t\t<meta property=\"og:image:width\" content=\"1919\" \/>\n\t\t<meta property=\"og:image:height\" content=\"600\" \/>\n\t\t<meta property=\"article:published_time\" content=\"2024-02-10T18:24:36+00:00\" \/>\n\t\t<meta property=\"article:modified_time\" content=\"2026-07-20T18:11:36+00:00\" \/>\n\t\t<meta name=\"twitter:card\" content=\"summary_large_image\" \/>\n\t\t<meta name=\"twitter:title\" content=\"D\u00favidas - 6\u00ba Encontro Amigos do R\u00e1dio 111\/10\/2026\" \/>\n\t\t<meta name=\"twitter:description\" content=\"Tire suas d\u00favidas entre em contato pelo e-mail rubenspy2ve@gmail.com ou Whatsapp 019974185136 Meu telefone para contato 019974185136 -\" \/>\n\t\t<meta name=\"twitter:image\" content=\"https:\/\/encontroamigosdoradio.com.br\/wp-content\/uploads\/2026\/07\/cropped-banner-01.png\" \/>\n\t\t<script type=\"application\/ld+json\" class=\"aioseo-schema\">\n\t\t\t{\"@context\":\"https:\\\/\\\/schema.org\",\"@graph\":[{\"@type\":\"BreadcrumbList\",\"@id\":\"http:\\\/\\\/encontroamigosdoradio.com.br\\\/index.php\\\/duvidas-sobre-o-encontro-de-radioamadores-de-artur-nogueira\\\/#breadcrumblist\",\"itemListElement\":[{\"@type\":\"ListItem\",\"@id\":\"http:\\\/\\\/encontroamigosdoradio.com.br#listItem\",\"position\":1,\"name\":\"Home\",\"item\":\"http:\\\/\\\/encontroamigosdoradio.com.br\",\"nextItem\":{\"@type\":\"ListItem\",\"@id\":\"http:\\\/\\\/encontroamigosdoradio.com.br\\\/index.php\\\/duvidas-sobre-o-encontro-de-radioamadores-de-artur-nogueira\\\/#listItem\",\"name\":\"D\\u00favidas\"}},{\"@type\":\"ListItem\",\"@id\":\"http:\\\/\\\/encontroamigosdoradio.com.br\\\/index.php\\\/duvidas-sobre-o-encontro-de-radioamadores-de-artur-nogueira\\\/#listItem\",\"position\":2,\"name\":\"D\\u00favidas\",\"previousItem\":{\"@type\":\"ListItem\",\"@id\":\"http:\\\/\\\/encontroamigosdoradio.com.br#listItem\",\"name\":\"Home\"}}]},{\"@type\":\"Organization\",\"@id\":\"http:\\\/\\\/encontroamigosdoradio.com.br\\\/#organization\",\"name\":\"6\\u00ba Encontro Amigos do R\\u00e1dio 111\\\/10\\\/2026\",\"description\":\"Onde a paix\\u00e3o vira comunica\\u00e7\\u00e3o e amizade vira fam\\u00edlia\",\"url\":\"http:\\\/\\\/encontroamigosdoradio.com.br\\\/\",\"logo\":{\"@type\":\"ImageObject\",\"url\":\"https:\\\/\\\/encontroamigosdoradio.com.br\\\/wp-content\\\/uploads\\\/2026\\\/07\\\/cropped-banner-01.png\",\"@id\":\"http:\\\/\\\/encontroamigosdoradio.com.br\\\/index.php\\\/duvidas-sobre-o-encontro-de-radioamadores-de-artur-nogueira\\\/#organizationLogo\",\"width\":1919,\"height\":600},\"image\":{\"@id\":\"http:\\\/\\\/encontroamigosdoradio.com.br\\\/index.php\\\/duvidas-sobre-o-encontro-de-radioamadores-de-artur-nogueira\\\/#organizationLogo\"}},{\"@type\":\"WebPage\",\"@id\":\"http:\\\/\\\/encontroamigosdoradio.com.br\\\/index.php\\\/duvidas-sobre-o-encontro-de-radioamadores-de-artur-nogueira\\\/#webpage\",\"url\":\"http:\\\/\\\/encontroamigosdoradio.com.br\\\/index.php\\\/duvidas-sobre-o-encontro-de-radioamadores-de-artur-nogueira\\\/\",\"name\":\"D\\u00favidas - 6\\u00ba Encontro Amigos do R\\u00e1dio 111\\\/10\\\/2026\",\"description\":\"Tire suas d\\u00favidas entre em contato pelo e-mail rubenspy2ve@gmail.com ou Whatsapp 019974185136 Meu telefone para contato 019974185136 -\",\"inLanguage\":\"pt-BR\",\"isPartOf\":{\"@id\":\"http:\\\/\\\/encontroamigosdoradio.com.br\\\/#website\"},\"breadcrumb\":{\"@id\":\"http:\\\/\\\/encontroamigosdoradio.com.br\\\/index.php\\\/duvidas-sobre-o-encontro-de-radioamadores-de-artur-nogueira\\\/#breadcrumblist\"},\"image\":{\"@type\":\"ImageObject\",\"url\":\"https:\\\/\\\/encontroamigosdoradio.com.br\\\/wp-content\\\/uploads\\\/2025\\\/08\\\/duvidas.png\",\"@id\":\"http:\\\/\\\/encontroamigosdoradio.com.br\\\/index.php\\\/duvidas-sobre-o-encontro-de-radioamadores-de-artur-nogueira\\\/#mainImage\",\"width\":580,\"height\":300},\"primaryImageOfPage\":{\"@id\":\"http:\\\/\\\/encontroamigosdoradio.com.br\\\/index.php\\\/duvidas-sobre-o-encontro-de-radioamadores-de-artur-nogueira\\\/#mainImage\"},\"datePublished\":\"2024-02-10T15:24:36-03:00\",\"dateModified\":\"2026-07-20T15:11:36-03:00\"},{\"@type\":\"WebSite\",\"@id\":\"http:\\\/\\\/encontroamigosdoradio.com.br\\\/#website\",\"url\":\"http:\\\/\\\/encontroamigosdoradio.com.br\\\/\",\"name\":\"6\\u00ba Encontro Amigos do R\\u00e1dio 111\\\/10\\\/2026\",\"description\":\"Onde a paix\\u00e3o vira comunica\\u00e7\\u00e3o e amizade vira fam\\u00edlia\",\"inLanguage\":\"pt-BR\",\"publisher\":{\"@id\":\"http:\\\/\\\/encontroamigosdoradio.com.br\\\/#organization\"}}]}\n\t\t<\/script>\n\t\t<!-- All in One SEO -->\n\n","aioseo_head_json":{"title":"D\u00favidas - 6\u00ba Encontro Amigos do R\u00e1dio 111\/10\/2026","description":"Tire suas d\u00favidas entre em contato pelo e-mail rubenspy2ve@gmail.com ou Whatsapp 019974185136 Meu telefone para contato 019974185136 -","canonical_url":"http:\/\/encontroamigosdoradio.com.br\/index.php\/duvidas-sobre-o-encontro-de-radioamadores-de-artur-nogueira\/","robots":"max-image-preview:large","keywords":"","webmasterTools":{"miscellaneous":""},"schema":{"@context":"https:\/\/schema.org","@graph":[{"@type":"BreadcrumbList","@id":"http:\/\/encontroamigosdoradio.com.br\/index.php\/duvidas-sobre-o-encontro-de-radioamadores-de-artur-nogueira\/#breadcrumblist","itemListElement":[{"@type":"ListItem","@id":"http:\/\/encontroamigosdoradio.com.br#listItem","position":1,"name":"Home","item":"http:\/\/encontroamigosdoradio.com.br","nextItem":{"@type":"ListItem","@id":"http:\/\/encontroamigosdoradio.com.br\/index.php\/duvidas-sobre-o-encontro-de-radioamadores-de-artur-nogueira\/#listItem","name":"D\u00favidas"}},{"@type":"ListItem","@id":"http:\/\/encontroamigosdoradio.com.br\/index.php\/duvidas-sobre-o-encontro-de-radioamadores-de-artur-nogueira\/#listItem","position":2,"name":"D\u00favidas","previousItem":{"@type":"ListItem","@id":"http:\/\/encontroamigosdoradio.com.br#listItem","name":"Home"}}]},{"@type":"Organization","@id":"http:\/\/encontroamigosdoradio.com.br\/#organization","name":"6\u00ba Encontro Amigos do R\u00e1dio 111\/10\/2026","description":"Onde a paix\u00e3o vira comunica\u00e7\u00e3o e amizade vira fam\u00edlia","url":"http:\/\/encontroamigosdoradio.com.br\/","logo":{"@type":"ImageObject","url":"https:\/\/encontroamigosdoradio.com.br\/wp-content\/uploads\/2026\/07\/cropped-banner-01.png","@id":"http:\/\/encontroamigosdoradio.com.br\/index.php\/duvidas-sobre-o-encontro-de-radioamadores-de-artur-nogueira\/#organizationLogo","width":1919,"height":600},"image":{"@id":"http:\/\/encontroamigosdoradio.com.br\/index.php\/duvidas-sobre-o-encontro-de-radioamadores-de-artur-nogueira\/#organizationLogo"}},{"@type":"WebPage","@id":"http:\/\/encontroamigosdoradio.com.br\/index.php\/duvidas-sobre-o-encontro-de-radioamadores-de-artur-nogueira\/#webpage","url":"http:\/\/encontroamigosdoradio.com.br\/index.php\/duvidas-sobre-o-encontro-de-radioamadores-de-artur-nogueira\/","name":"D\u00favidas - 6\u00ba Encontro Amigos do R\u00e1dio 111\/10\/2026","description":"Tire suas d\u00favidas entre em contato pelo e-mail rubenspy2ve@gmail.com ou Whatsapp 019974185136 Meu telefone para contato 019974185136 -","inLanguage":"pt-BR","isPartOf":{"@id":"http:\/\/encontroamigosdoradio.com.br\/#website"},"breadcrumb":{"@id":"http:\/\/encontroamigosdoradio.com.br\/index.php\/duvidas-sobre-o-encontro-de-radioamadores-de-artur-nogueira\/#breadcrumblist"},"image":{"@type":"ImageObject","url":"https:\/\/encontroamigosdoradio.com.br\/wp-content\/uploads\/2025\/08\/duvidas.png","@id":"http:\/\/encontroamigosdoradio.com.br\/index.php\/duvidas-sobre-o-encontro-de-radioamadores-de-artur-nogueira\/#mainImage","width":580,"height":300},"primaryImageOfPage":{"@id":"http:\/\/encontroamigosdoradio.com.br\/index.php\/duvidas-sobre-o-encontro-de-radioamadores-de-artur-nogueira\/#mainImage"},"datePublished":"2024-02-10T15:24:36-03:00","dateModified":"2026-07-20T15:11:36-03:00"},{"@type":"WebSite","@id":"http:\/\/encontroamigosdoradio.com.br\/#website","url":"http:\/\/encontroamigosdoradio.com.br\/","name":"6\u00ba Encontro Amigos do R\u00e1dio 111\/10\/2026","description":"Onde a paix\u00e3o vira comunica\u00e7\u00e3o e amizade vira fam\u00edlia","inLanguage":"pt-BR","publisher":{"@id":"http:\/\/encontroamigosdoradio.com.br\/#organization"}}]},"og:locale":"pt_BR","og:site_name":"6\u00ba Encontro Amigos do R\u00e1dio 111\/10\/2026 - Onde a paix\u00e3o vira comunica\u00e7\u00e3o e amizade vira fam\u00edlia","og:type":"article","og:title":"D\u00favidas - 6\u00ba Encontro Amigos do R\u00e1dio 111\/10\/2026","og:description":"Tire suas d\u00favidas entre em contato pelo e-mail rubenspy2ve@gmail.com ou Whatsapp 019974185136 Meu telefone para contato 019974185136 -","og:url":"http:\/\/encontroamigosdoradio.com.br\/index.php\/duvidas-sobre-o-encontro-de-radioamadores-de-artur-nogueira\/","og:image":"http:\/\/encontroamigosdoradio.com.br\/wp-content\/uploads\/2026\/07\/cropped-banner-01.png","og:image:width":1919,"og:image:height":600,"article:published_time":"2024-02-10T18:24:36+00:00","article:modified_time":"2026-07-20T18:11:36+00:00","twitter:card":"summary_large_image","twitter:title":"D\u00favidas - 6\u00ba Encontro Amigos do R\u00e1dio 111\/10\/2026","twitter:description":"Tire suas d\u00favidas entre em contato pelo e-mail rubenspy2ve@gmail.com ou Whatsapp 019974185136 Meu telefone para contato 019974185136 -","twitter:image":"https:\/\/encontroamigosdoradio.com.br\/wp-content\/uploads\/2026\/07\/cropped-banner-01.png"},"aioseo_meta_data":{"post_id":"11","title":null,"description":null,"keywords":null,"keyphrases":{"focus":[],"additional":[]},"primary_term":null,"canonical_url":null,"og_title":null,"og_description":null,"og_object_type":"default","og_image_type":"default","og_image_custom_url":null,"og_image_custom_fields":null,"og_image_url":null,"og_image_width":null,"og_image_height":null,"og_video":null,"og_custom_url":null,"og_article_section":null,"og_article_tags":null,"twitter_use_og":false,"twitter_card":"default","twitter_image_type":"default","twitter_image_custom_url":null,"twitter_image_custom_fields":null,"twitter_image_url":null,"twitter_title":null,"twitter_description":null,"schema_type":"default","schema_type_options":null,"schema":{"blockGraphs":[],"customGraphs":[],"default":{"data":{"Article":[],"Course":[],"Dataset":[],"FAQPage":[],"Movie":[],"Person":[],"Product":[],"ProductReview":[],"Car":[],"Recipe":[],"Service":[],"SoftwareApplication":[],"WebPage":[]},"graphName":"","isEnabled":true},"graphs":[]},"pillar_content":false,"robots_default":true,"robots_noindex":false,"robots_noarchive":false,"robots_nosnippet":false,"robots_nofollow":false,"robots_noimageindex":false,"robots_noodp":false,"robots_notranslate":false,"robots_max_snippet":null,"robots_max_videopreview":null,"robots_max_imagepreview":"large","priority":null,"frequency":null,"local_seo":null,"limit_modified_date":false,"ai":null,"breadcrumb_settings":null,"seo_analyzer_scan_date":null,"created":"2026-07-26 05:42:47","updated":"2026-08-11 20:04:50","focus_keyword":null,"additional_keywords":null,"truseo_locale":null},"aioseo_breadcrumb":"<div class=\"aioseo-breadcrumbs\"><span class=\"aioseo-breadcrumb\">\n\t\t\t<a href=\"http:\/\/encontroamigosdoradio.com.br\" title=\"Home\">Home<\/a>\n\t\t<\/span><span class=\"aioseo-breadcrumb-separator\">&raquo;<\/span><span class=\"aioseo-breadcrumb\">\n\t\t\tD\u00favidas\n\t\t<\/span><\/div>","aioseo_breadcrumb_json":[{"label":"Home","link":"http:\/\/encontroamigosdoradio.com.br"},{"label":"D\u00favidas","link":"http:\/\/encontroamigosdoradio.com.br\/index.php\/duvidas-sobre-o-encontro-de-radioamadores-de-artur-nogueira\/"}],"_links":{"self":[{"href":"http:\/\/encontroamigosdoradio.com.br\/index.php\/wp-json\/wp\/v2\/pages\/11","targetHints":{"allow":["GET"]}}],"collection":[{"href":"http:\/\/encontroamigosdoradio.com.br\/index.php\/wp-json\/wp\/v2\/pages"}],"about":[{"href":"http:\/\/encontroamigosdoradio.com.br\/index.php\/wp-json\/wp\/v2\/types\/page"}],"author":[{"embeddable":true,"href":"http:\/\/encontroamigosdoradio.com.br\/index.php\/wp-json\/wp\/v2\/users\/1"}],"replies":[{"embeddable":true,"href":"http:\/\/encontroamigosdoradio.com.br\/index.php\/wp-json\/wp\/v2\/comments?post=11"}],"version-history":[{"count":7,"href":"http:\/\/encontroamigosdoradio.com.br\/index.php\/wp-json\/wp\/v2\/pages\/11\/revisions"}],"predecessor-version":[{"id":1402,"href":"http:\/\/encontroamigosdoradio.com.br\/index.php\/wp-json\/wp\/v2\/pages\/11\/revisions\/1402"}],"wp:featuredmedia":[{"embeddable":true,"href":"http:\/\/encontroamigosdoradio.com.br\/index.php\/wp-json\/wp\/v2\/media\/498"}],"wp:attachment":[{"href":"http:\/\/encontroamigosdoradio.com.br\/index.php\/wp-json\/wp\/v2\/media?parent=11"}],"curies":[{"name":"wp","href":"https:\/\/api.w.org\/{rel}","templated":true}]}}