{"id":124,"date":"2024-06-04T12:28:19","date_gmt":"2024-06-04T15:28:19","guid":{"rendered":"https:\/\/encontroamigosdoradio.com.br\/?page_id=124"},"modified":"2026-08-31T06:02:02","modified_gmt":"2026-08-31T09:02:02","slug":"agenda-do-evento","status":"publish","type":"page","link":"https:\/\/encontroamigosdoradio.com.br\/index.php\/agenda-do-evento\/","title":{"rendered":"Agenda"},"content":{"rendered":"\n<p class=\"wp-block-paragraph\"><strong>Agenda do 6\u00ba Encontro Amigos do R\u00e1dio em Artur Nogueira<\/strong><\/p>\n\n\n\n<p class=\"wp-block-paragraph\"><strong>11\/10\/2026<\/strong><br><\/p>\n\n\n\n<figure class=\"wp-block-image size-large\"><img loading=\"lazy\" decoding=\"async\" width=\"1024\" height=\"461\" src=\"https:\/\/encontroamigosdoradio.com.br\/wp-content\/uploads\/2026\/07\/image-4-1024x461.png\" alt=\"\" class=\"wp-image-1412\" srcset=\"https:\/\/encontroamigosdoradio.com.br\/wp-content\/uploads\/2026\/07\/image-4-1024x461.png 1024w, https:\/\/encontroamigosdoradio.com.br\/wp-content\/uploads\/2026\/07\/image-4-300x135.png 300w, https:\/\/encontroamigosdoradio.com.br\/wp-content\/uploads\/2026\/07\/image-4-768x346.png 768w, https:\/\/encontroamigosdoradio.com.br\/wp-content\/uploads\/2026\/07\/image-4-1536x691.png 1536w, https:\/\/encontroamigosdoradio.com.br\/wp-content\/uploads\/2026\/07\/image-4.png 1920w\" sizes=\"auto, (max-width: 1024px) 100vw, 1024px\" \/><\/figure>\n\n\n\n<p class=\"wp-block-paragraph\">Se voc\u00ea j\u00e1 est\u00e1 na cidade ou planeja chegar mais cedo para o <strong>6\u00ba Encontro Amigos do R\u00e1dio<\/strong>, temos uma programa\u00e7\u00e3o especial para garantir a tradicional confraterniza\u00e7\u00e3o entre radioamadores e operadores da Faixa do Cidad\u00e3o.<\/p>\n\n\n\n<p class=\"wp-block-paragraph\">Confira abaixo os detalhes:<\/p>\n\n\n\n<p class=\"wp-block-paragraph\"><strong>S\u00e1bado dia livre para turistar com a fam\u00edlia pela regi\u00e3o &#8211; 10\/10\/2026<\/strong><\/p>\n\n\n\n<p class=\"wp-block-paragraph\">A noite temos <strong>Encontro na Marque\u2019s Pizzaria, Esfiharia e Lanchonete<\/strong><br>Venha compartilhar uma boa conversa e fortalecer os la\u00e7os com colegas de r\u00e1dio enquanto desfrutamos de um ambiente descontra\u00eddo e de qualidade. <\/p>\n\n\n\n<p class=\"wp-block-paragraph\">Todos est\u00e3o convidados!<\/p>\n\n\n\n<p class=\"wp-block-paragraph\"><strong>Local:<\/strong><br><strong>como chegar via Google maps confira<\/strong>:<br><a href=\"https:\/\/maps.app.goo.gl\/NdG3xgBzjopUUP2z7\">https:\/\/maps.app.goo.gl\/NdG3xgBzjopUUP2z7<\/a><\/p>\n\n\n\n<p class=\"wp-block-paragraph\">Encontro na Marque\u2019s Pizzaria, Esfiharia e Lanchonete \u2013&nbsp;<a href=\"https:\/\/goo.gl\/maps\/eY9X4JkYV8J9KHWaA\" target=\"_blank\" rel=\"noreferrer noopener\">ver mapa<\/a><\/p>\n\n\n\n<p class=\"wp-block-paragraph\"><strong>R. XV de Novembro, 1170 \u2013 Cidade Jardim, Artur Nogueira \u2013 SP<\/strong><\/p>\n\n\n\n<p class=\"wp-block-paragraph\"><strong>S\u00e1bado &#8211; 10\/10<\/strong><br><strong>Confraterniza\u00e7\u00e3o na Marques Pizzaria e Lanchonete<\/strong><br><\/p>\n\n\n\n<p class=\"wp-block-paragraph\"><strong>Domingo \u2013 11\/10<\/strong><br><strong>Abertura do evento 08:00<\/strong><br>Esta\u00e7\u00e3o Ferrovi\u00e1ria Centro de Artur Nogueira, SP<\/p>\n\n\n\n<p class=\"wp-block-paragraph\"><br>Voc\u00ea pode visitar tamb\u00e9m neste dia a <strong>Feira do Produtor Rural<\/strong>, um espa\u00e7o ideal para reunir os apaixonados por radioamadorismo.<\/p>\n\n\n\n<p class=\"wp-block-paragraph\"><strong>Local:<\/strong><br>Esta\u00e7\u00e3o Ferrovi\u00e1ria &#8211; Centro da cidade de Artur Nogueira ,SP<br><a href=\"https:\/\/encontroamigosdoradio.com.br\/index.php\/como-chegar\/\">https:\/\/encontroamigosdoradio.com.br\/index.php\/como-chegar\/<\/a><\/p>\n\n\n\n<p class=\"wp-block-paragraph\"><strong>Programa\u00e7\u00e3o:<\/strong><br><br><strong>08:00<\/strong> \u2013 In\u00edcio oficial do encontro<br><br><strong>Boas-vindas:<\/strong> Rubens Zolotujin, organizador e anfitri\u00e3o<br><br>Celebra\u00e7\u00e3o do <strong>Dia do Radioamador Nogueirense<\/strong><br><br><strong>18:00<\/strong> \u2013 Encerramento oficial do 6\u00ba Encontro Amigos do R\u00e1dio<\/p>\n\n\n\n<hr class=\"wp-block-separator has-alpha-channel-opacity\"\/>\n\n\n\n<p class=\"wp-block-paragraph\"><\/p>\n\n\n\n<p class=\"wp-block-paragraph\">Estamos ansiosos para receber todos voc\u00eas. Seja radioamador ou operador da Faixa do Cidad\u00e3o, voc\u00ea \u00e9 <strong>muito bem-vindo<\/strong>! <\/p>\n\n\n\n<p class=\"wp-block-paragraph\">Aproveite tamb\u00e9m para conhecer um pouco mais da cidade e da regi\u00e3o. Nos vemos l\u00e1!<\/p>\n","protected":false},"excerpt":{"rendered":"<p>Agenda do 6\u00ba Encontro Amigos do R\u00e1dio em Artur Nogueira 11\/10\/2026 Se voc\u00ea j\u00e1 est\u00e1 na cidade ou planeja chegar mais cedo para o 6\u00ba Encontro Amigos do R\u00e1dio, temos uma programa\u00e7\u00e3o especial para garantir a tradicional confraterniza\u00e7\u00e3o entre radioamadores e operadores da Faixa do Cidad\u00e3o. Confira abaixo os detalhes: S\u00e1bado dia livre para turistar [&hellip;]<\/p>\n","protected":false},"author":1,"featured_media":493,"parent":0,"menu_order":0,"comment_status":"closed","ping_status":"closed","template":"","meta":{"footnotes":""},"class_list":["post-124","page","type-page","status-publish","has-post-thumbnail","hentry"],"aioseo_notices":[],"aioseo_head":"\n\t\t<!-- All in One SEO 5.0.1.1 - aioseo.com -->\n\t<meta name=\"description\" content=\"Agenda do 6\u00ba Encontro Amigos do R\u00e1dio em Artur Nogueira 11\/10\/2026 Se voc\u00ea j\u00e1 est\u00e1 na cidade ou planeja chegar mais cedo para o 6\u00ba Encontro Amigos do R\u00e1dio, temos uma programa\u00e7\u00e3o especial para garantir a tradicional confraterniza\u00e7\u00e3o entre radioamadores e operadores da Faixa do Cidad\u00e3o. Confira abaixo os detalhes: S\u00e1bado dia livre para turistar\" \/>\n\t<meta name=\"robots\" content=\"max-image-preview:large\" \/>\n\t<link rel=\"canonical\" href=\"https:\/\/encontroamigosdoradio.com.br\/index.php\/agenda-do-evento\/\" \/>\n\t<meta name=\"generator\" content=\"All in One SEO (AIOSEO) 5.0.1.1\" \/>\n\t\t<meta property=\"og:locale\" content=\"pt_BR\" \/>\n\t\t<meta property=\"og:site_name\" content=\"6\u00ba Encontro Amigos do R\u00e1dio 11\/10\/2026 - Onde a paix\u00e3o vira comunica\u00e7\u00e3o e amizade vira fam\u00edlia\" \/>\n\t\t<meta property=\"og:type\" content=\"article\" \/>\n\t\t<meta property=\"og:title\" content=\"Agenda - 6\u00ba Encontro Amigos do R\u00e1dio 11\/10\/2026\" \/>\n\t\t<meta property=\"og:description\" content=\"Agenda do 6\u00ba Encontro Amigos do R\u00e1dio em Artur Nogueira 11\/10\/2026 Se voc\u00ea j\u00e1 est\u00e1 na cidade ou planeja chegar mais cedo para o 6\u00ba Encontro Amigos do R\u00e1dio, temos uma programa\u00e7\u00e3o especial para garantir a tradicional confraterniza\u00e7\u00e3o entre radioamadores e operadores da Faixa do Cidad\u00e3o. Confira abaixo os detalhes: S\u00e1bado dia livre para turistar\" \/>\n\t\t<meta property=\"og:url\" content=\"https:\/\/encontroamigosdoradio.com.br\/index.php\/agenda-do-evento\/\" \/>\n\t\t<meta property=\"og:image\" content=\"https:\/\/encontroamigosdoradio.com.br\/wp-content\/uploads\/2026\/07\/cropped-banner-01.png\" \/>\n\t\t<meta property=\"og:image:secure_url\" content=\"https:\/\/encontroamigosdoradio.com.br\/wp-content\/uploads\/2026\/07\/cropped-banner-01.png\" \/>\n\t\t<meta property=\"og:image:width\" content=\"1919\" \/>\n\t\t<meta property=\"og:image:height\" content=\"600\" \/>\n\t\t<meta property=\"article:published_time\" content=\"2024-06-04T15:28:19+00:00\" \/>\n\t\t<meta property=\"article:modified_time\" content=\"2026-08-31T09:02:02+00:00\" \/>\n\t\t<meta name=\"twitter:card\" content=\"summary_large_image\" \/>\n\t\t<meta name=\"twitter:title\" content=\"Agenda - 6\u00ba Encontro Amigos do R\u00e1dio 11\/10\/2026\" \/>\n\t\t<meta name=\"twitter:description\" content=\"Agenda do 6\u00ba Encontro Amigos do R\u00e1dio em Artur Nogueira 11\/10\/2026 Se voc\u00ea j\u00e1 est\u00e1 na cidade ou planeja chegar mais cedo para o 6\u00ba Encontro Amigos do R\u00e1dio, temos uma programa\u00e7\u00e3o especial para garantir a tradicional confraterniza\u00e7\u00e3o entre radioamadores e operadores da Faixa do Cidad\u00e3o. Confira abaixo os detalhes: S\u00e1bado dia livre para turistar\" \/>\n\t\t<meta name=\"twitter:image\" content=\"https:\/\/encontroamigosdoradio.com.br\/wp-content\/uploads\/2026\/07\/cropped-banner-01.png\" \/>\n\t\t<script type=\"application\/ld+json\" class=\"aioseo-schema\">\n\t\t\t{\"@context\":\"https:\\\/\\\/schema.org\",\"@graph\":[{\"@type\":\"BreadcrumbList\",\"@id\":\"https:\\\/\\\/encontroamigosdoradio.com.br\\\/index.php\\\/agenda-do-evento\\\/#breadcrumblist\",\"itemListElement\":[{\"@type\":\"ListItem\",\"@id\":\"https:\\\/\\\/encontroamigosdoradio.com.br#listItem\",\"position\":1,\"name\":\"Home\",\"item\":\"https:\\\/\\\/encontroamigosdoradio.com.br\",\"nextItem\":{\"@type\":\"ListItem\",\"@id\":\"https:\\\/\\\/encontroamigosdoradio.com.br\\\/index.php\\\/agenda-do-evento\\\/#listItem\",\"name\":\"Agenda\"}},{\"@type\":\"ListItem\",\"@id\":\"https:\\\/\\\/encontroamigosdoradio.com.br\\\/index.php\\\/agenda-do-evento\\\/#listItem\",\"position\":2,\"name\":\"Agenda\",\"previousItem\":{\"@type\":\"ListItem\",\"@id\":\"https:\\\/\\\/encontroamigosdoradio.com.br#listItem\",\"name\":\"Home\"}}]},{\"@type\":\"Organization\",\"@id\":\"https:\\\/\\\/encontroamigosdoradio.com.br\\\/#organization\",\"name\":\"6\\u00ba Encontro Amigos do R\\u00e1dio 11\\\/10\\\/2026\",\"description\":\"Onde a paix\\u00e3o vira comunica\\u00e7\\u00e3o e amizade vira fam\\u00edlia\",\"url\":\"https:\\\/\\\/encontroamigosdoradio.com.br\\\/\",\"logo\":{\"@type\":\"ImageObject\",\"url\":\"https:\\\/\\\/encontroamigosdoradio.com.br\\\/wp-content\\\/uploads\\\/2026\\\/07\\\/cropped-banner-01.png\",\"@id\":\"https:\\\/\\\/encontroamigosdoradio.com.br\\\/index.php\\\/agenda-do-evento\\\/#organizationLogo\",\"width\":1919,\"height\":600},\"image\":{\"@id\":\"https:\\\/\\\/encontroamigosdoradio.com.br\\\/index.php\\\/agenda-do-evento\\\/#organizationLogo\"}},{\"@type\":\"WebPage\",\"@id\":\"https:\\\/\\\/encontroamigosdoradio.com.br\\\/index.php\\\/agenda-do-evento\\\/#webpage\",\"url\":\"https:\\\/\\\/encontroamigosdoradio.com.br\\\/index.php\\\/agenda-do-evento\\\/\",\"name\":\"Agenda - 6\\u00ba Encontro Amigos do R\\u00e1dio 11\\\/10\\\/2026\",\"description\":\"Agenda do 6\\u00ba Encontro Amigos do R\\u00e1dio em Artur Nogueira 11\\\/10\\\/2026 Se voc\\u00ea j\\u00e1 est\\u00e1 na cidade ou planeja chegar mais cedo para o 6\\u00ba Encontro Amigos do R\\u00e1dio, temos uma programa\\u00e7\\u00e3o especial para garantir a tradicional confraterniza\\u00e7\\u00e3o entre radioamadores e operadores da Faixa do Cidad\\u00e3o. Confira abaixo os detalhes: S\\u00e1bado dia livre para turistar\",\"inLanguage\":\"pt-BR\",\"isPartOf\":{\"@id\":\"https:\\\/\\\/encontroamigosdoradio.com.br\\\/#website\"},\"breadcrumb\":{\"@id\":\"https:\\\/\\\/encontroamigosdoradio.com.br\\\/index.php\\\/agenda-do-evento\\\/#breadcrumblist\"},\"image\":{\"@type\":\"ImageObject\",\"url\":\"https:\\\/\\\/encontroamigosdoradio.com.br\\\/wp-content\\\/uploads\\\/2025\\\/08\\\/agenda.png\",\"@id\":\"https:\\\/\\\/encontroamigosdoradio.com.br\\\/index.php\\\/agenda-do-evento\\\/#mainImage\",\"width\":580,\"height\":300},\"primaryImageOfPage\":{\"@id\":\"https:\\\/\\\/encontroamigosdoradio.com.br\\\/index.php\\\/agenda-do-evento\\\/#mainImage\"},\"datePublished\":\"2024-06-04T12:28:19-03:00\",\"dateModified\":\"2026-08-31T06:02:02-03:00\"},{\"@type\":\"WebSite\",\"@id\":\"https:\\\/\\\/encontroamigosdoradio.com.br\\\/#website\",\"url\":\"https:\\\/\\\/encontroamigosdoradio.com.br\\\/\",\"name\":\"6\\u00ba Encontro Amigos do R\\u00e1dio 11\\\/10\\\/2026\",\"description\":\"Onde a paix\\u00e3o vira comunica\\u00e7\\u00e3o e amizade vira fam\\u00edlia\",\"inLanguage\":\"pt-BR\",\"publisher\":{\"@id\":\"https:\\\/\\\/encontroamigosdoradio.com.br\\\/#organization\"}}]}\n\t\t<\/script>\n\t\t<!-- All in One SEO -->\n\n","aioseo_head_json":{"title":"Agenda - 6\u00ba Encontro Amigos do R\u00e1dio 11\/10\/2026","description":"Agenda do 6\u00ba Encontro Amigos do R\u00e1dio em Artur Nogueira 11\/10\/2026 Se voc\u00ea j\u00e1 est\u00e1 na cidade ou planeja chegar mais cedo para o 6\u00ba Encontro Amigos do R\u00e1dio, temos uma programa\u00e7\u00e3o especial para garantir a tradicional confraterniza\u00e7\u00e3o entre radioamadores e operadores da Faixa do Cidad\u00e3o. Confira abaixo os detalhes: S\u00e1bado dia livre para turistar","canonical_url":"https:\/\/encontroamigosdoradio.com.br\/index.php\/agenda-do-evento\/","robots":"max-image-preview:large","keywords":"","webmasterTools":{"miscellaneous":""},"schema":{"@context":"https:\/\/schema.org","@graph":[{"@type":"BreadcrumbList","@id":"https:\/\/encontroamigosdoradio.com.br\/index.php\/agenda-do-evento\/#breadcrumblist","itemListElement":[{"@type":"ListItem","@id":"https:\/\/encontroamigosdoradio.com.br#listItem","position":1,"name":"Home","item":"https:\/\/encontroamigosdoradio.com.br","nextItem":{"@type":"ListItem","@id":"https:\/\/encontroamigosdoradio.com.br\/index.php\/agenda-do-evento\/#listItem","name":"Agenda"}},{"@type":"ListItem","@id":"https:\/\/encontroamigosdoradio.com.br\/index.php\/agenda-do-evento\/#listItem","position":2,"name":"Agenda","previousItem":{"@type":"ListItem","@id":"https:\/\/encontroamigosdoradio.com.br#listItem","name":"Home"}}]},{"@type":"Organization","@id":"https:\/\/encontroamigosdoradio.com.br\/#organization","name":"6\u00ba Encontro Amigos do R\u00e1dio 11\/10\/2026","description":"Onde a paix\u00e3o vira comunica\u00e7\u00e3o e amizade vira fam\u00edlia","url":"https:\/\/encontroamigosdoradio.com.br\/","logo":{"@type":"ImageObject","url":"https:\/\/encontroamigosdoradio.com.br\/wp-content\/uploads\/2026\/07\/cropped-banner-01.png","@id":"https:\/\/encontroamigosdoradio.com.br\/index.php\/agenda-do-evento\/#organizationLogo","width":1919,"height":600},"image":{"@id":"https:\/\/encontroamigosdoradio.com.br\/index.php\/agenda-do-evento\/#organizationLogo"}},{"@type":"WebPage","@id":"https:\/\/encontroamigosdoradio.com.br\/index.php\/agenda-do-evento\/#webpage","url":"https:\/\/encontroamigosdoradio.com.br\/index.php\/agenda-do-evento\/","name":"Agenda - 6\u00ba Encontro Amigos do R\u00e1dio 11\/10\/2026","description":"Agenda do 6\u00ba Encontro Amigos do R\u00e1dio em Artur Nogueira 11\/10\/2026 Se voc\u00ea j\u00e1 est\u00e1 na cidade ou planeja chegar mais cedo para o 6\u00ba Encontro Amigos do R\u00e1dio, temos uma programa\u00e7\u00e3o especial para garantir a tradicional confraterniza\u00e7\u00e3o entre radioamadores e operadores da Faixa do Cidad\u00e3o. Confira abaixo os detalhes: S\u00e1bado dia livre para turistar","inLanguage":"pt-BR","isPartOf":{"@id":"https:\/\/encontroamigosdoradio.com.br\/#website"},"breadcrumb":{"@id":"https:\/\/encontroamigosdoradio.com.br\/index.php\/agenda-do-evento\/#breadcrumblist"},"image":{"@type":"ImageObject","url":"https:\/\/encontroamigosdoradio.com.br\/wp-content\/uploads\/2025\/08\/agenda.png","@id":"https:\/\/encontroamigosdoradio.com.br\/index.php\/agenda-do-evento\/#mainImage","width":580,"height":300},"primaryImageOfPage":{"@id":"https:\/\/encontroamigosdoradio.com.br\/index.php\/agenda-do-evento\/#mainImage"},"datePublished":"2024-06-04T12:28:19-03:00","dateModified":"2026-08-31T06:02:02-03:00"},{"@type":"WebSite","@id":"https:\/\/encontroamigosdoradio.com.br\/#website","url":"https:\/\/encontroamigosdoradio.com.br\/","name":"6\u00ba Encontro Amigos do R\u00e1dio 11\/10\/2026","description":"Onde a paix\u00e3o vira comunica\u00e7\u00e3o e amizade vira fam\u00edlia","inLanguage":"pt-BR","publisher":{"@id":"https:\/\/encontroamigosdoradio.com.br\/#organization"}}]},"og:locale":"pt_BR","og:site_name":"6\u00ba Encontro Amigos do R\u00e1dio 11\/10\/2026 - Onde a paix\u00e3o vira comunica\u00e7\u00e3o e amizade vira fam\u00edlia","og:type":"article","og:title":"Agenda - 6\u00ba Encontro Amigos do R\u00e1dio 11\/10\/2026","og:description":"Agenda do 6\u00ba Encontro Amigos do R\u00e1dio em Artur Nogueira 11\/10\/2026 Se voc\u00ea j\u00e1 est\u00e1 na cidade ou planeja chegar mais cedo para o 6\u00ba Encontro Amigos do R\u00e1dio, temos uma programa\u00e7\u00e3o especial para garantir a tradicional confraterniza\u00e7\u00e3o entre radioamadores e operadores da Faixa do Cidad\u00e3o. Confira abaixo os detalhes: S\u00e1bado dia livre para turistar","og:url":"https:\/\/encontroamigosdoradio.com.br\/index.php\/agenda-do-evento\/","og:image":"https:\/\/encontroamigosdoradio.com.br\/wp-content\/uploads\/2026\/07\/cropped-banner-01.png","og:image:secure_url":"https:\/\/encontroamigosdoradio.com.br\/wp-content\/uploads\/2026\/07\/cropped-banner-01.png","og:image:width":1919,"og:image:height":600,"article:published_time":"2024-06-04T15:28:19+00:00","article:modified_time":"2026-08-31T09:02:02+00:00","twitter:card":"summary_large_image","twitter:title":"Agenda - 6\u00ba Encontro Amigos do R\u00e1dio 11\/10\/2026","twitter:description":"Agenda do 6\u00ba Encontro Amigos do R\u00e1dio em Artur Nogueira 11\/10\/2026 Se voc\u00ea j\u00e1 est\u00e1 na cidade ou planeja chegar mais cedo para o 6\u00ba Encontro Amigos do R\u00e1dio, temos uma programa\u00e7\u00e3o especial para garantir a tradicional confraterniza\u00e7\u00e3o entre radioamadores e operadores da Faixa do Cidad\u00e3o. Confira abaixo os detalhes: S\u00e1bado dia livre para turistar","twitter:image":"https:\/\/encontroamigosdoradio.com.br\/wp-content\/uploads\/2026\/07\/cropped-banner-01.png"},"aioseo_meta_data":{"post_id":"124","title":null,"description":null,"keywords":null,"keyphrases":{"focus":{"keyphrase":"","score":0,"analysis":{"keyphraseInTitle":{"score":0,"maxScore":9,"error":1}}},"additional":[]},"primary_term":null,"canonical_url":null,"og_title":null,"og_description":null,"og_object_type":"default","og_image_type":"default","og_image_custom_url":null,"og_image_custom_fields":null,"og_image_url":null,"og_image_width":null,"og_image_height":null,"og_video":"","og_custom_url":null,"og_article_section":null,"og_article_tags":null,"twitter_use_og":false,"twitter_card":"default","twitter_image_type":"default","twitter_image_custom_url":null,"twitter_image_custom_fields":null,"twitter_image_url":null,"twitter_title":null,"twitter_description":null,"schema_type":"default","schema_type_options":null,"schema":{"blockGraphs":[],"customGraphs":[],"default":{"data":{"Article":[],"Course":[],"Dataset":[],"FAQPage":[],"Movie":[],"Person":[],"Product":[],"ProductReview":[],"Car":[],"Recipe":[],"Service":[],"SoftwareApplication":[],"WebPage":[]},"graphName":"WebPage","isEnabled":true},"graphs":[]},"pillar_content":false,"robots_default":true,"robots_noindex":false,"robots_noarchive":false,"robots_nosnippet":false,"robots_nofollow":false,"robots_noimageindex":false,"robots_noodp":false,"robots_notranslate":false,"robots_max_snippet":"-1","robots_max_videopreview":"-1","robots_max_imagepreview":"large","priority":null,"frequency":"default","local_seo":null,"limit_modified_date":false,"ai":{"faqs":[],"keyPoints":[],"schemas":[],"titles":[],"descriptions":[],"socialPosts":{"email":{"subject":"","preview":"","content":""},"linkedin":[],"twitter":[],"facebook":[],"instagram":[]}},"breadcrumb_settings":null,"seo_analyzer_scan_date":null,"created":"2026-07-26 05:42:47","updated":"2026-09-01 10:47:17","focus_keyword":null,"additional_keywords":null,"truseo_locale":null},"aioseo_breadcrumb":"<div class=\"aioseo-breadcrumbs\"><span class=\"aioseo-breadcrumb\">\n\t\t\t<a href=\"https:\/\/encontroamigosdoradio.com.br\" title=\"Home\">Home<\/a>\n\t\t<\/span><span class=\"aioseo-breadcrumb-separator\">&raquo;<\/span><span class=\"aioseo-breadcrumb\">\n\t\t\tAgenda\n\t\t<\/span><\/div>","aioseo_breadcrumb_json":[{"label":"Home","link":"https:\/\/encontroamigosdoradio.com.br"},{"label":"Agenda","link":"https:\/\/encontroamigosdoradio.com.br\/index.php\/agenda-do-evento\/"}],"_links":{"self":[{"href":"https:\/\/encontroamigosdoradio.com.br\/index.php\/wp-json\/wp\/v2\/pages\/124","targetHints":{"allow":["GET"]}}],"collection":[{"href":"https:\/\/encontroamigosdoradio.com.br\/index.php\/wp-json\/wp\/v2\/pages"}],"about":[{"href":"https:\/\/encontroamigosdoradio.com.br\/index.php\/wp-json\/wp\/v2\/types\/page"}],"author":[{"embeddable":true,"href":"https:\/\/encontroamigosdoradio.com.br\/index.php\/wp-json\/wp\/v2\/users\/1"}],"replies":[{"embeddable":true,"href":"https:\/\/encontroamigosdoradio.com.br\/index.php\/wp-json\/wp\/v2\/comments?post=124"}],"version-history":[{"count":12,"href":"https:\/\/encontroamigosdoradio.com.br\/index.php\/wp-json\/wp\/v2\/pages\/124\/revisions"}],"predecessor-version":[{"id":1562,"href":"https:\/\/encontroamigosdoradio.com.br\/index.php\/wp-json\/wp\/v2\/pages\/124\/revisions\/1562"}],"wp:featuredmedia":[{"embeddable":true,"href":"https:\/\/encontroamigosdoradio.com.br\/index.php\/wp-json\/wp\/v2\/media\/493"}],"wp:attachment":[{"href":"https:\/\/encontroamigosdoradio.com.br\/index.php\/wp-json\/wp\/v2\/media?parent=124"}],"curies":[{"name":"wp","href":"https:\/\/api.w.org\/{rel}","templated":true}]}}