{"id":597,"date":"2025-09-16T07:53:07","date_gmt":"2025-09-16T10:53:07","guid":{"rendered":"https:\/\/encontroamigosdoradio.com.br\/?page_id=597"},"modified":"2025-09-21T16:59:59","modified_gmt":"2025-09-21T19:59:59","slug":"conhecendo-artur-nogueria","status":"publish","type":"page","link":"https:\/\/encontroamigosdoradio.com.br\/index.php\/conhecendo-artur-nogueria\/","title":{"rendered":"Artur Nogueria"},"content":{"rendered":"<div class=\"wp-block-image\">\n<figure class=\"aligncenter size-full is-resized\"><img loading=\"lazy\" decoding=\"async\" width=\"500\" height=\"500\" src=\"https:\/\/encontroamigosdoradio.com.br\/wp-content\/uploads\/2025\/09\/gif-patrocinadores-2.gif\" alt=\"\" class=\"wp-image-655\" style=\"width:246px;height:auto\"\/><\/figure>\n<\/div>\n\n\n<p class=\"has-medium-font-size\"><strong>Conhe\u00e7a nossa cidade<\/strong><\/p>\n\n\n\n<p>Artur Nogueira pertenceu, at\u00e9 o come\u00e7o deste s\u00e9culo, \u00e0s tradicionais fam\u00edlias paulistas, como Jo\u00e3o e Matheus Ferreira de Camargo, conhecidos por \u201cDoricos\u201d, estabelecidos no Bairro Guaiqu\u00edca, hoje Distrito de Engenheiro Coelho; Francisco Pinto Adorno, estabelecido com seus irm\u00e3os no bairro Mato Dentro; Jo\u00e3o Sert\u00f3rio e Dona Maria Gl\u00f3ria Sert\u00f3rio, estabelecidos no bairro Sert\u00f3rio; os Irm\u00e3os Magalh\u00e3es, estabelecidos no bairro da Fazendinha; Pedro da Cunha Claro , estabelecidos no bairro Taper\u00e3o; os Cotrins, estabelecidos no bairro do mesmo nome; os Amarais, estabelecidos no bairro Amarais; Jorge Tibiri\u00e7a, estabelecido no bairro Ribeir\u00e3o; Fernando Arens, estabelecido no bairro S\u00edtio Novo; os Rosas, estabelecidos na Fazenda Palmeiras e Artur Nogueira &amp; Cia, empresa da Usina Esther, estabelecida em Cosm\u00f3polis.<\/p>\n\n\n\n<figure class=\"wp-block-embed is-type-video is-provider-youtube wp-block-embed-youtube wp-embed-aspect-16-9 wp-has-aspect-ratio\"><div class=\"wp-block-embed__wrapper\">\n<iframe loading=\"lazy\" title=\"Rubens Zolotujin PY2VE est\u00e1 ao vivo! direto do centro da cidade de Artur Nogueira\" width=\"640\" height=\"360\" src=\"https:\/\/www.youtube.com\/embed\/c9rYC5sHEr0?feature=oembed\" frameborder=\"0\" allow=\"accelerometer; autoplay; clipboard-write; encrypted-media; gyroscope; picture-in-picture; web-share\" referrerpolicy=\"strict-origin-when-cross-origin\" allowfullscreen><\/iframe>\n<\/div><\/figure>\n\n\n\n<p>Constituiu parte deste territ\u00f3rio, a partir de 22 de agosto de 1904, com a doa\u00e7\u00e3o de terras de Artur Nogueira &amp; Cia, ao Governo do Estado, por for\u00e7a do Decreto n\u00ba 1.300, da mesma data, a sec\u00e7\u00e3o \u201cArtur Nogueira\u201d, anexa ao N\u00facleo Colonial \u201cCampos Salles\u201d. Ao territ\u00f3rio da sede municipal, primitivamente chamado \u201cLagoa Seca\u201d, chegaram em 1907 os trilhos da Estrada de Ferro Funilense, sendo a Esta\u00e7\u00e3o constru\u00edda no mesmo ano.<\/p>\n\n\n\n<p>Nessa \u00e9poca, j\u00e1 estava estabelecido aqui o senhor Francisco Cabrino, com armaz\u00e9m, cujo pr\u00e9dio foi o primeiro a ser edificado e ainda hoje existe na atual Rua 15 de Novembro. J\u00e1 se achavam, tamb\u00e9m, radicados na zona rural os Irm\u00e3os Tagliari. No ano seguinte \u00e9 que vieram os verdadeiros fundadores da povoa\u00e7\u00e3o, ocupando os lotes do patrim\u00f4nio doado por Fernando Arens \u00e0 sec\u00e7\u00e3o \u201cArtur Nogueira\u201d, do N\u00facleo \u201cCampos Salles\u201d. Entre eles Jos\u00e9 Sanseverino; J\u00falio Caetano; Jo\u00e3o Pulz; Henrique Steckelberg, os Andrades, os Mauros, etc.<\/p>\n\n\n\n<figure class=\"wp-block-embed is-type-video is-provider-youtube wp-block-embed-youtube wp-embed-aspect-9-16 wp-has-aspect-ratio\"><div class=\"wp-block-embed__wrapper\">\n<iframe loading=\"lazy\" title=\"Ber\u00e7o da amizade Artur Nogueira SP temos o 5\u00b0 Encontro Amigos do R\u00e1dio Encontroamigosdoradio.com.br1\" width=\"540\" height=\"960\" src=\"https:\/\/www.youtube.com\/embed\/DVpYyk3LY0A?feature=oembed\" frameborder=\"0\" allow=\"accelerometer; autoplay; clipboard-write; encrypted-media; gyroscope; picture-in-picture; web-share\" referrerpolicy=\"strict-origin-when-cross-origin\" allowfullscreen><\/iframe>\n<\/div><\/figure>\n\n\n\n<p>Pela Lei n\u00ba 1.542, de 30 de dezembro de 1916, foi criado o Distrito de Paz, subordinado \u00e0 Comarca de Mogi Mirim. A Instala\u00e7\u00e3o do Cart\u00f3rio deu-se no ano seguinte, a 18 de outubro de 1917, com a presen\u00e7a do Dr. Artur Cesar C. Whitacker, Juiz da Comarca de Mogi Mirim, tendo sido o senhor Jo\u00e3o Quintino de Brito o primeiro Oficial de Cart\u00f3rio e o senhor Henrique Steckelberg o primeiro Juiz da Paz.<\/p>\n\n\n\n<figure class=\"wp-block-gallery has-nested-images columns-default is-cropped wp-block-gallery-1 is-layout-flex wp-block-gallery-is-layout-flex\">\n<figure class=\"wp-block-image size-large\"><img loading=\"lazy\" decoding=\"async\" width=\"1024\" height=\"576\" data-id=\"609\" src=\"https:\/\/encontroamigosdoradio.com.br\/wp-content\/uploads\/2025\/09\/DJI_0064-1024x576.jpg\" alt=\"\" class=\"wp-image-609\" srcset=\"https:\/\/encontroamigosdoradio.com.br\/wp-content\/uploads\/2025\/09\/DJI_0064-1024x576.jpg 1024w, https:\/\/encontroamigosdoradio.com.br\/wp-content\/uploads\/2025\/09\/DJI_0064-300x169.jpg 300w, https:\/\/encontroamigosdoradio.com.br\/wp-content\/uploads\/2025\/09\/DJI_0064-768x432.jpg 768w, https:\/\/encontroamigosdoradio.com.br\/wp-content\/uploads\/2025\/09\/DJI_0064.jpg 1350w\" sizes=\"auto, (max-width: 1024px) 100vw, 1024px\" \/><\/figure>\n\n\n\n<figure class=\"wp-block-image size-large\"><img loading=\"lazy\" decoding=\"async\" width=\"1024\" height=\"785\" data-id=\"604\" src=\"https:\/\/encontroamigosdoradio.com.br\/wp-content\/uploads\/2025\/09\/DJI_100_0191-Pano-1024x785.jpg\" alt=\"\" class=\"wp-image-604\" srcset=\"https:\/\/encontroamigosdoradio.com.br\/wp-content\/uploads\/2025\/09\/DJI_100_0191-Pano-1024x785.jpg 1024w, https:\/\/encontroamigosdoradio.com.br\/wp-content\/uploads\/2025\/09\/DJI_100_0191-Pano-300x230.jpg 300w, https:\/\/encontroamigosdoradio.com.br\/wp-content\/uploads\/2025\/09\/DJI_100_0191-Pano-768x589.jpg 768w, https:\/\/encontroamigosdoradio.com.br\/wp-content\/uploads\/2025\/09\/DJI_100_0191-Pano.jpg 1350w\" sizes=\"auto, (max-width: 1024px) 100vw, 1024px\" \/><\/figure>\n\n\n\n<figure class=\"wp-block-image size-large\"><img loading=\"lazy\" decoding=\"async\" width=\"1024\" height=\"576\" data-id=\"598\" src=\"https:\/\/encontroamigosdoradio.com.br\/wp-content\/uploads\/2025\/09\/DJI_0201-1024x576.jpg\" alt=\"\" class=\"wp-image-598\" srcset=\"https:\/\/encontroamigosdoradio.com.br\/wp-content\/uploads\/2025\/09\/DJI_0201-1024x576.jpg 1024w, https:\/\/encontroamigosdoradio.com.br\/wp-content\/uploads\/2025\/09\/DJI_0201-300x169.jpg 300w, https:\/\/encontroamigosdoradio.com.br\/wp-content\/uploads\/2025\/09\/DJI_0201-768x432.jpg 768w, https:\/\/encontroamigosdoradio.com.br\/wp-content\/uploads\/2025\/09\/DJI_0201.jpg 1350w\" sizes=\"auto, (max-width: 1024px) 100vw, 1024px\" \/><\/figure>\n\n\n\n<figure class=\"wp-block-image size-large\"><img loading=\"lazy\" decoding=\"async\" width=\"1024\" height=\"576\" data-id=\"603\" src=\"https:\/\/encontroamigosdoradio.com.br\/wp-content\/uploads\/2025\/09\/DJI_0327-1024x576.jpg\" alt=\"\" class=\"wp-image-603\" srcset=\"https:\/\/encontroamigosdoradio.com.br\/wp-content\/uploads\/2025\/09\/DJI_0327-1024x576.jpg 1024w, https:\/\/encontroamigosdoradio.com.br\/wp-content\/uploads\/2025\/09\/DJI_0327-300x169.jpg 300w, https:\/\/encontroamigosdoradio.com.br\/wp-content\/uploads\/2025\/09\/DJI_0327-768x432.jpg 768w, https:\/\/encontroamigosdoradio.com.br\/wp-content\/uploads\/2025\/09\/DJI_0327.jpg 1350w\" sizes=\"auto, (max-width: 1024px) 100vw, 1024px\" \/><\/figure>\n\n\n\n<figure class=\"wp-block-image size-large\"><img loading=\"lazy\" decoding=\"async\" width=\"1024\" height=\"576\" data-id=\"600\" src=\"https:\/\/encontroamigosdoradio.com.br\/wp-content\/uploads\/2025\/09\/DJI_0378-1024x576.jpg\" alt=\"\" class=\"wp-image-600\" srcset=\"https:\/\/encontroamigosdoradio.com.br\/wp-content\/uploads\/2025\/09\/DJI_0378-1024x576.jpg 1024w, https:\/\/encontroamigosdoradio.com.br\/wp-content\/uploads\/2025\/09\/DJI_0378-300x169.jpg 300w, https:\/\/encontroamigosdoradio.com.br\/wp-content\/uploads\/2025\/09\/DJI_0378-768x432.jpg 768w, https:\/\/encontroamigosdoradio.com.br\/wp-content\/uploads\/2025\/09\/DJI_0378.jpg 1350w\" sizes=\"auto, (max-width: 1024px) 100vw, 1024px\" \/><\/figure>\n\n\n\n<figure class=\"wp-block-image size-large\"><img loading=\"lazy\" decoding=\"async\" width=\"1024\" height=\"576\" data-id=\"612\" src=\"https:\/\/encontroamigosdoradio.com.br\/wp-content\/uploads\/2025\/09\/DJI_0974-1024x576.jpg\" alt=\"\" class=\"wp-image-612\" srcset=\"https:\/\/encontroamigosdoradio.com.br\/wp-content\/uploads\/2025\/09\/DJI_0974-1024x576.jpg 1024w, https:\/\/encontroamigosdoradio.com.br\/wp-content\/uploads\/2025\/09\/DJI_0974-300x169.jpg 300w, https:\/\/encontroamigosdoradio.com.br\/wp-content\/uploads\/2025\/09\/DJI_0974-768x432.jpg 768w, https:\/\/encontroamigosdoradio.com.br\/wp-content\/uploads\/2025\/09\/DJI_0974.jpg 1350w\" sizes=\"auto, (max-width: 1024px) 100vw, 1024px\" \/><\/figure>\n\n\n\n<figure class=\"wp-block-image size-large\"><img loading=\"lazy\" decoding=\"async\" width=\"1024\" height=\"683\" data-id=\"602\" src=\"https:\/\/encontroamigosdoradio.com.br\/wp-content\/uploads\/2025\/09\/MG_1646-1024x683.jpg\" alt=\"\" class=\"wp-image-602\" srcset=\"https:\/\/encontroamigosdoradio.com.br\/wp-content\/uploads\/2025\/09\/MG_1646-1024x683.jpg 1024w, https:\/\/encontroamigosdoradio.com.br\/wp-content\/uploads\/2025\/09\/MG_1646-300x200.jpg 300w, https:\/\/encontroamigosdoradio.com.br\/wp-content\/uploads\/2025\/09\/MG_1646-768x512.jpg 768w, https:\/\/encontroamigosdoradio.com.br\/wp-content\/uploads\/2025\/09\/MG_1646.jpg 1350w\" sizes=\"auto, (max-width: 1024px) 100vw, 1024px\" \/><\/figure>\n\n\n\n<figure class=\"wp-block-image size-large\"><img loading=\"lazy\" decoding=\"async\" width=\"1024\" height=\"683\" data-id=\"601\" src=\"https:\/\/encontroamigosdoradio.com.br\/wp-content\/uploads\/2025\/09\/MG_1751-1024x683.jpg\" alt=\"\" class=\"wp-image-601\" srcset=\"https:\/\/encontroamigosdoradio.com.br\/wp-content\/uploads\/2025\/09\/MG_1751-1024x683.jpg 1024w, https:\/\/encontroamigosdoradio.com.br\/wp-content\/uploads\/2025\/09\/MG_1751-300x200.jpg 300w, https:\/\/encontroamigosdoradio.com.br\/wp-content\/uploads\/2025\/09\/MG_1751-768x512.jpg 768w, https:\/\/encontroamigosdoradio.com.br\/wp-content\/uploads\/2025\/09\/MG_1751.jpg 1350w\" sizes=\"auto, (max-width: 1024px) 100vw, 1024px\" \/><\/figure>\n\n\n\n<figure class=\"wp-block-image size-large\"><img loading=\"lazy\" decoding=\"async\" width=\"1024\" height=\"713\" data-id=\"610\" src=\"https:\/\/encontroamigosdoradio.com.br\/wp-content\/uploads\/2025\/09\/MG_1867-1024x713.jpg\" alt=\"\" class=\"wp-image-610\" srcset=\"https:\/\/encontroamigosdoradio.com.br\/wp-content\/uploads\/2025\/09\/MG_1867-1024x713.jpg 1024w, https:\/\/encontroamigosdoradio.com.br\/wp-content\/uploads\/2025\/09\/MG_1867-300x209.jpg 300w, https:\/\/encontroamigosdoradio.com.br\/wp-content\/uploads\/2025\/09\/MG_1867-768x535.jpg 768w, https:\/\/encontroamigosdoradio.com.br\/wp-content\/uploads\/2025\/09\/MG_1867.jpg 1350w\" sizes=\"auto, (max-width: 1024px) 100vw, 1024px\" \/><\/figure>\n\n\n\n<figure class=\"wp-block-image size-large\"><img loading=\"lazy\" decoding=\"async\" width=\"1024\" height=\"671\" data-id=\"608\" src=\"https:\/\/encontroamigosdoradio.com.br\/wp-content\/uploads\/2025\/09\/MG_1943_MG_1944-1024x671.jpg\" alt=\"\" class=\"wp-image-608\" srcset=\"https:\/\/encontroamigosdoradio.com.br\/wp-content\/uploads\/2025\/09\/MG_1943_MG_1944-1024x671.jpg 1024w, https:\/\/encontroamigosdoradio.com.br\/wp-content\/uploads\/2025\/09\/MG_1943_MG_1944-300x196.jpg 300w, https:\/\/encontroamigosdoradio.com.br\/wp-content\/uploads\/2025\/09\/MG_1943_MG_1944-768x503.jpg 768w, https:\/\/encontroamigosdoradio.com.br\/wp-content\/uploads\/2025\/09\/MG_1943_MG_1944.jpg 1350w\" sizes=\"auto, (max-width: 1024px) 100vw, 1024px\" \/><\/figure>\n\n\n\n<figure class=\"wp-block-image size-large\"><img loading=\"lazy\" decoding=\"async\" width=\"1024\" height=\"683\" data-id=\"599\" src=\"https:\/\/encontroamigosdoradio.com.br\/wp-content\/uploads\/2025\/09\/MG_1974-2-1024x683.jpg\" alt=\"\" class=\"wp-image-599\" srcset=\"https:\/\/encontroamigosdoradio.com.br\/wp-content\/uploads\/2025\/09\/MG_1974-2-1024x683.jpg 1024w, https:\/\/encontroamigosdoradio.com.br\/wp-content\/uploads\/2025\/09\/MG_1974-2-300x200.jpg 300w, https:\/\/encontroamigosdoradio.com.br\/wp-content\/uploads\/2025\/09\/MG_1974-2-768x512.jpg 768w, https:\/\/encontroamigosdoradio.com.br\/wp-content\/uploads\/2025\/09\/MG_1974-2.jpg 1350w\" sizes=\"auto, (max-width: 1024px) 100vw, 1024px\" \/><\/figure>\n\n\n\n<figure class=\"wp-block-image size-large\"><img loading=\"lazy\" decoding=\"async\" width=\"683\" height=\"1024\" data-id=\"607\" src=\"https:\/\/encontroamigosdoradio.com.br\/wp-content\/uploads\/2025\/09\/MG_3862-683x1024.jpg\" alt=\"\" class=\"wp-image-607\" srcset=\"https:\/\/encontroamigosdoradio.com.br\/wp-content\/uploads\/2025\/09\/MG_3862-683x1024.jpg 683w, https:\/\/encontroamigosdoradio.com.br\/wp-content\/uploads\/2025\/09\/MG_3862-200x300.jpg 200w, https:\/\/encontroamigosdoradio.com.br\/wp-content\/uploads\/2025\/09\/MG_3862-768x1152.jpg 768w, https:\/\/encontroamigosdoradio.com.br\/wp-content\/uploads\/2025\/09\/MG_3862-1024x1536.jpg 1024w, https:\/\/encontroamigosdoradio.com.br\/wp-content\/uploads\/2025\/09\/MG_3862.jpg 1350w\" sizes=\"auto, (max-width: 683px) 100vw, 683px\" \/><\/figure>\n\n\n\n<figure class=\"wp-block-image size-large\"><img loading=\"lazy\" decoding=\"async\" width=\"1024\" height=\"683\" data-id=\"606\" src=\"https:\/\/encontroamigosdoradio.com.br\/wp-content\/uploads\/2025\/09\/MG_7514-1024x683.jpg\" alt=\"\" class=\"wp-image-606\" srcset=\"https:\/\/encontroamigosdoradio.com.br\/wp-content\/uploads\/2025\/09\/MG_7514-1024x683.jpg 1024w, https:\/\/encontroamigosdoradio.com.br\/wp-content\/uploads\/2025\/09\/MG_7514-300x200.jpg 300w, https:\/\/encontroamigosdoradio.com.br\/wp-content\/uploads\/2025\/09\/MG_7514-768x512.jpg 768w, https:\/\/encontroamigosdoradio.com.br\/wp-content\/uploads\/2025\/09\/MG_7514.jpg 1350w\" sizes=\"auto, (max-width: 1024px) 100vw, 1024px\" \/><\/figure>\n\n\n\n<figure class=\"wp-block-image size-large\"><img loading=\"lazy\" decoding=\"async\" width=\"1024\" height=\"683\" data-id=\"605\" src=\"https:\/\/encontroamigosdoradio.com.br\/wp-content\/uploads\/2025\/09\/MG_7800-1024x683.jpg\" alt=\"\" class=\"wp-image-605\" srcset=\"https:\/\/encontroamigosdoradio.com.br\/wp-content\/uploads\/2025\/09\/MG_7800-1024x683.jpg 1024w, https:\/\/encontroamigosdoradio.com.br\/wp-content\/uploads\/2025\/09\/MG_7800-300x200.jpg 300w, https:\/\/encontroamigosdoradio.com.br\/wp-content\/uploads\/2025\/09\/MG_7800-768x512.jpg 768w, https:\/\/encontroamigosdoradio.com.br\/wp-content\/uploads\/2025\/09\/MG_7800.jpg 1350w\" sizes=\"auto, (max-width: 1024px) 100vw, 1024px\" \/><\/figure>\n\n\n\n<figure class=\"wp-block-image size-large\"><img loading=\"lazy\" decoding=\"async\" width=\"1024\" height=\"683\" data-id=\"611\" src=\"https:\/\/encontroamigosdoradio.com.br\/wp-content\/uploads\/2025\/09\/MG_8783-1024x683.jpg\" alt=\"\" class=\"wp-image-611\" srcset=\"https:\/\/encontroamigosdoradio.com.br\/wp-content\/uploads\/2025\/09\/MG_8783-1024x683.jpg 1024w, https:\/\/encontroamigosdoradio.com.br\/wp-content\/uploads\/2025\/09\/MG_8783-300x200.jpg 300w, https:\/\/encontroamigosdoradio.com.br\/wp-content\/uploads\/2025\/09\/MG_8783-768x512.jpg 768w, https:\/\/encontroamigosdoradio.com.br\/wp-content\/uploads\/2025\/09\/MG_8783.jpg 1350w\" sizes=\"auto, (max-width: 1024px) 100vw, 1024px\" \/><\/figure>\n<\/figure>\n\n\n\n<p>Data, tamb\u00e9m, de 1916, o in\u00edcio da constru\u00e7\u00e3o da primeira Capela, tendo o C\u00f4nego Nora, de Mogi Mirim, dado a b\u00ean\u00e7\u00e3o \u00e0 pedra fundamental do referido templo. Trabalharam nessa obra, Daniel da Cruz Andrade, Jo\u00e3o da Cruz, Jo\u00e3o Pulz, Manoel Fernandes, Jos\u00e9 Sanseverino, Oct\u00e1vio Miranda e outros.<\/p>\n\n\n\n<p>Nessa \u00e9poca predominavam os elementos estrangeiros no povo do ent\u00e3o Distrito, Espanha, os quais cultivando a terra e criando gado, iam, aos poucos, adquirindo as terras dos primitivos donos em pequenas glebas, acabando-se, assim, os grandes latif\u00fandios. Depois, com a valoriza\u00e7\u00e3o do caf\u00e9, formaram-se nessas glebas grandes cafezais, chegando mesmo o territ\u00f3rio do Distrito a construir, em 1929, um verdadeiro oceano de cafeeiros.<\/p>\n\n\n\n<p>A Par\u00f3quia foi criada em 25 de novembro de 1934, sob a invoca\u00e7\u00e3o de Nossa Senhora das Dores, e em 5 de janeiro de 1935, recebeu seu primeiro vig\u00e1rio \u2013 o Padre Cec\u00edlio Cury.<\/p>\n\n\n\n<p>O ensino prim\u00e1rio representava, \u00e0 \u00e9poca do Distrito, um s\u00e9rio problema, pois n\u00e3o havia pr\u00e9dio pr\u00f3prio para o funcionamento das duas escolas mistas, uma municipal e outra estadual, que tinham como professoras as senhoras Aninha da Cunha e Eug\u00eania de Carvalho, respectivamente. Com a doa\u00e7\u00e3o feita pelo senhor Henrique Steckelberg de um lote de sua propriedade, foi constru\u00eddo o Grupo Escolar, por volta de 1920.<\/p>\n\n\n\n<p>A crise do caf\u00e9, ocorrida em 1929 e com os seus reflexos mais agudos em 1930, n\u00e3o deixou de repercutir no progresso do Distrito, o qual permaneceu estacionado at\u00e9 1937, quando foi inaugurada a ilumina\u00e7\u00e3o p\u00fablica e domicili\u00e1ria, sendo a Companhia de For\u00e7a e Luz de Mogi Mirim a encarregada do servi\u00e7o.<\/p>\n\n\n\n<p>Em 1938, na interventoria do Dr. Adhemar de Barros, houve a retifica\u00e7\u00e3o de divisas entre os Distritos de Artur Nogueira e Cosm\u00f3polis, este pertencentes \u00e0 Comarca de Campinas, ficando para o primeiro o Bairro Floriano Peixoto, que vizinhava com a Vila, causando s\u00e9rios embara\u00e7os \u00e0 sua administra\u00e7\u00e3o. Com essa retifica\u00e7\u00e3o, o territ\u00f3rio do Distrito ganhou consider\u00e1vel \u00e1rea de terras.<\/p>\n\n\n\n<h2 class=\"wp-block-heading\">Emancipa\u00e7\u00e3o Pol\u00edtico Administrativa<\/h2>\n\n\n\n<p>Em 1948, teve in\u00edcio o movimento para a emancipa\u00e7\u00e3o do Distrito, com assinaturas em listas de todos os habitantes da Vila e povoados, que desejassem a emancipa\u00e7\u00e3o. Sendo estas em grande n\u00famero, foi requerido o plebiscito, o qual deu a vit\u00f3ria \u00e0 emancipa\u00e7\u00e3o. Para tratar de t\u00e3o importante assunto, foi nomeada uma comiss\u00e3o encabe\u00e7ada pelos senhores Raul Grosso, Elysio Quinteiro, Rodopho Rossetti, Humberto Rossetti, Jos\u00e9 Amaro Rodrigues Filho, Reynaldo Germano Stein, Severino Tagliari, Atilio Arrivabene, Jacob Stein, Santiago Calvo e Roberto do Amaral Green, a qual obteve da Assembl\u00e9ia Legislativa do Estado o parecer favor\u00e1vel \u00e0 cria\u00e7\u00e3o do munic\u00edpio. Pela Lei n\u00ba 233, de 24 de dezembro de 1948, foi criado o munic\u00edpio de Artur Nogueira, sendo que a elei\u00e7\u00e3o acusou a vit\u00f3ria do senhor Severino Tagliari para o primeiro prefeito, empossado no cargo a 10 de abril de 1949.<\/p>\n\n\n\n<p>Sup\u00f5e-se que a origem do nome deste munic\u00edpio de \u201d Artur Nogueira\u201d esteja ligado ao fato de, \u00e0 \u00e9poca, ser o senhor Artur Nogueira membro de uma fam\u00edlia radicada no vizinho munic\u00edpio de Cosm\u00f3polis \u2013 fam\u00edlia Nogueira \u2013 propriet\u00e1ria de uma vasta extens\u00e3o de terras, no territ\u00f3rio deste ent\u00e3o Distrito. Calcula-se que essas terras naquele tempo, j\u00e1 eram mais exploradas e cultivadas pelos moradores desta localidade do que membros da fam\u00edlia Nogueira, que n\u00e3o se opunham a isso.<\/p>\n\n\n\n<p>Estima-se assim, que os moradores desta localidade j\u00e1 tinham como sua tais terras e que a fam\u00edlia Nogueira aceitava essa situa\u00e7\u00e3o como fato consumado, premiando aqueles que realmente bem aproveitavam as terras. Julga-se que isto teria estimulado a fam\u00edlia Nogueira a doar essas terras ao Estado, que, por sua vez, manteve-as no territ\u00f3rio do Distrito de Artur Nogueira, surgindo, assim, o nome do munic\u00edpio como de \u201cArtur Nogueira\u201d, dada a influ\u00eancia que referido Cl\u00e3 exercia na \u00e9poca.<\/p>\n\n\n\n<h2 class=\"wp-block-heading\">HINO DE ARTUR NOGUEIRA<\/h2>\n\n\n\n<p>Salve Ber\u00e7o da Amizade<br>De gloriosas tradi\u00e7\u00f5es<br>N\u00e3o existe divisa mais bela<br>\u00c9s orgulho de nossos cora\u00e7\u00f5es<br>Deus nos guie e nos conserve sempre unidos<br>A viver o mesmo ideal<br>Sem distin\u00e7\u00e3o de credos e partidos<br>Lutando pela gl\u00f3ria nacional.<br>Pela P\u00e1tria, avante, avante<br>Boa terra e t\u00e3o gentil<br>Que tu sejas Artur Nogueira<br>Sentinela avan\u00e7ada do Brasil.<\/p>\n\n\n\n<p><em><strong>Autoria:<\/strong><\/em><br>Letra e M\u00fasica Professora Aparecida Alves da Silva Posi<br>Oficializado pela lei 1127, de 02 de outubro de 1973.<\/p>\n\n\n\n<p><a href=\"https:\/\/encontroamigosdoradio.com.br\/index.php\/turismo\/\">Turismo por Artur Nogueira e regi\u00e3o dicas<\/a> confira<\/p>\n\n\n\n<p>Folder do turismo de<a href=\"http:\/\/srv178.teste.website\/~modeloarturnogue\/turismo\/wp-content\/uploads\/logos\/Mapa_Turistico_Artur_Nogueira_Online.pdf\"> Artur Nogueira baixe aqui<\/a><\/p>\n\n\n\n<hr class=\"wp-block-separator has-alpha-channel-opacity\"\/>\n\n\n\n<p>Fonte: <a href=\"http:\/\/srv178.teste.website\/~modeloarturnogue\/turismo\/\">http:\/\/srv178.teste.website\/~modeloarturnogue\/turismo\/<\/a><\/p>\n","protected":false},"excerpt":{"rendered":"<p>Conhe\u00e7a nossa cidade Artur Nogueira pertenceu, at\u00e9 o come\u00e7o deste s\u00e9culo, \u00e0s tradicionais fam\u00edlias paulistas, como Jo\u00e3o e Matheus Ferreira de Camargo, conhecidos por \u201cDoricos\u201d, estabelecidos no Bairro Guaiqu\u00edca, hoje Distrito de Engenheiro Coelho; Francisco Pinto Adorno, estabelecido com seus irm\u00e3os no bairro Mato Dentro; Jo\u00e3o Sert\u00f3rio e Dona Maria Gl\u00f3ria Sert\u00f3rio, estabelecidos no bairro [&hellip;]<\/p>\n","protected":false},"author":1,"featured_media":613,"parent":0,"menu_order":0,"comment_status":"closed","ping_status":"closed","template":"","meta":{"footnotes":""},"class_list":["post-597","page","type-page","status-publish","has-post-thumbnail","hentry"],"yoast_head":"<!-- This site is optimized with the Yoast SEO plugin v27.5 - https:\/\/yoast.com\/product\/yoast-seo-wordpress\/ -->\n<title>Artur Nogueria - 6\u00ba Encontro Amigos do R\u00e1dio 10-11\/10\/2026<\/title>\n<meta name=\"robots\" content=\"index, follow, max-snippet:-1, max-image-preview:large, max-video-preview:-1\" \/>\n<link rel=\"canonical\" href=\"https:\/\/encontroamigosdoradio.com.br\/index.php\/conhecendo-artur-nogueria\/\" \/>\n<meta property=\"og:locale\" content=\"pt_BR\" \/>\n<meta property=\"og:type\" content=\"article\" \/>\n<meta property=\"og:title\" content=\"Artur Nogueria - 6\u00ba Encontro Amigos do R\u00e1dio 10-11\/10\/2026\" \/>\n<meta property=\"og:description\" content=\"Conhe\u00e7a nossa cidade Artur Nogueira pertenceu, at\u00e9 o come\u00e7o deste s\u00e9culo, \u00e0s tradicionais fam\u00edlias paulistas, como Jo\u00e3o e Matheus Ferreira de Camargo, conhecidos por \u201cDoricos\u201d, estabelecidos no Bairro Guaiqu\u00edca, hoje Distrito de Engenheiro Coelho; Francisco Pinto Adorno, estabelecido com seus irm\u00e3os no bairro Mato Dentro; Jo\u00e3o Sert\u00f3rio e Dona Maria Gl\u00f3ria Sert\u00f3rio, estabelecidos no bairro [&hellip;]\" \/>\n<meta property=\"og:url\" content=\"https:\/\/encontroamigosdoradio.com.br\/index.php\/conhecendo-artur-nogueria\/\" \/>\n<meta property=\"og:site_name\" content=\"6\u00ba Encontro Amigos do R\u00e1dio 10-11\/10\/2026\" \/>\n<meta property=\"article:modified_time\" content=\"2025-09-21T19:59:59+00:00\" \/>\n<meta property=\"og:image\" content=\"https:\/\/encontroamigosdoradio.com.br\/wp-content\/uploads\/2025\/09\/arturnogueira.png\" \/>\n\t<meta property=\"og:image:width\" content=\"580\" \/>\n\t<meta property=\"og:image:height\" content=\"300\" \/>\n\t<meta property=\"og:image:type\" content=\"image\/png\" \/>\n<meta name=\"twitter:card\" content=\"summary_large_image\" \/>\n<meta name=\"twitter:label1\" content=\"Est. tempo de leitura\" \/>\n\t<meta name=\"twitter:data1\" content=\"10 minutos\" \/>\n<script type=\"application\/ld+json\" class=\"yoast-schema-graph\">{\"@context\":\"https:\\\/\\\/schema.org\",\"@graph\":[{\"@type\":\"WebPage\",\"@id\":\"https:\\\/\\\/encontroamigosdoradio.com.br\\\/index.php\\\/conhecendo-artur-nogueria\\\/\",\"url\":\"https:\\\/\\\/encontroamigosdoradio.com.br\\\/index.php\\\/conhecendo-artur-nogueria\\\/\",\"name\":\"Artur Nogueria - 6\u00ba Encontro Amigos do R\u00e1dio 10-11\\\/10\\\/2026\",\"isPartOf\":{\"@id\":\"https:\\\/\\\/encontroamigosdoradio.com.br\\\/#website\"},\"primaryImageOfPage\":{\"@id\":\"https:\\\/\\\/encontroamigosdoradio.com.br\\\/index.php\\\/conhecendo-artur-nogueria\\\/#primaryimage\"},\"image\":{\"@id\":\"https:\\\/\\\/encontroamigosdoradio.com.br\\\/index.php\\\/conhecendo-artur-nogueria\\\/#primaryimage\"},\"thumbnailUrl\":\"https:\\\/\\\/encontroamigosdoradio.com.br\\\/wp-content\\\/uploads\\\/2025\\\/09\\\/arturnogueira.png\",\"datePublished\":\"2025-09-16T10:53:07+00:00\",\"dateModified\":\"2025-09-21T19:59:59+00:00\",\"breadcrumb\":{\"@id\":\"https:\\\/\\\/encontroamigosdoradio.com.br\\\/index.php\\\/conhecendo-artur-nogueria\\\/#breadcrumb\"},\"inLanguage\":\"pt-BR\",\"potentialAction\":[{\"@type\":\"ReadAction\",\"target\":[\"https:\\\/\\\/encontroamigosdoradio.com.br\\\/index.php\\\/conhecendo-artur-nogueria\\\/\"]}]},{\"@type\":\"ImageObject\",\"inLanguage\":\"pt-BR\",\"@id\":\"https:\\\/\\\/encontroamigosdoradio.com.br\\\/index.php\\\/conhecendo-artur-nogueria\\\/#primaryimage\",\"url\":\"https:\\\/\\\/encontroamigosdoradio.com.br\\\/wp-content\\\/uploads\\\/2025\\\/09\\\/arturnogueira.png\",\"contentUrl\":\"https:\\\/\\\/encontroamigosdoradio.com.br\\\/wp-content\\\/uploads\\\/2025\\\/09\\\/arturnogueira.png\",\"width\":580,\"height\":300},{\"@type\":\"BreadcrumbList\",\"@id\":\"https:\\\/\\\/encontroamigosdoradio.com.br\\\/index.php\\\/conhecendo-artur-nogueria\\\/#breadcrumb\",\"itemListElement\":[{\"@type\":\"ListItem\",\"position\":1,\"name\":\"In\u00edcio\",\"item\":\"https:\\\/\\\/encontroamigosdoradio.com.br\\\/\"},{\"@type\":\"ListItem\",\"position\":2,\"name\":\"Artur Nogueria\"}]},{\"@type\":\"WebSite\",\"@id\":\"https:\\\/\\\/encontroamigosdoradio.com.br\\\/#website\",\"url\":\"https:\\\/\\\/encontroamigosdoradio.com.br\\\/\",\"name\":\"Encontro Amigos do R\u00e1dio\",\"description\":\"Onde a paix\u00e3o vira comunica\u00e7\u00e3o e amizade vira fam\u00edlia\",\"publisher\":{\"@id\":\"https:\\\/\\\/encontroamigosdoradio.com.br\\\/#organization\"},\"potentialAction\":[{\"@type\":\"SearchAction\",\"target\":{\"@type\":\"EntryPoint\",\"urlTemplate\":\"https:\\\/\\\/encontroamigosdoradio.com.br\\\/?s={search_term_string}\"},\"query-input\":{\"@type\":\"PropertyValueSpecification\",\"valueRequired\":true,\"valueName\":\"search_term_string\"}}],\"inLanguage\":\"pt-BR\"},{\"@type\":\"Organization\",\"@id\":\"https:\\\/\\\/encontroamigosdoradio.com.br\\\/#organization\",\"name\":\"Encontro Amigos do R\u00e1dio\",\"url\":\"https:\\\/\\\/encontroamigosdoradio.com.br\\\/\",\"logo\":{\"@type\":\"ImageObject\",\"inLanguage\":\"pt-BR\",\"@id\":\"https:\\\/\\\/encontroamigosdoradio.com.br\\\/#\\\/schema\\\/logo\\\/image\\\/\",\"url\":\"https:\\\/\\\/encontroamigosdoradio.com.br\\\/wp-content\\\/uploads\\\/2025\\\/02\\\/banner1-dia12102025.png\",\"contentUrl\":\"https:\\\/\\\/encontroamigosdoradio.com.br\\\/wp-content\\\/uploads\\\/2025\\\/02\\\/banner1-dia12102025.png\",\"width\":580,\"height\":300,\"caption\":\"Encontro Amigos do R\u00e1dio\"},\"image\":{\"@id\":\"https:\\\/\\\/encontroamigosdoradio.com.br\\\/#\\\/schema\\\/logo\\\/image\\\/\"}}]}<\/script>\n<!-- \/ Yoast SEO plugin. -->","yoast_head_json":{"title":"Artur Nogueria - 6\u00ba Encontro Amigos do R\u00e1dio 10-11\/10\/2026","robots":{"index":"index","follow":"follow","max-snippet":"max-snippet:-1","max-image-preview":"max-image-preview:large","max-video-preview":"max-video-preview:-1"},"canonical":"https:\/\/encontroamigosdoradio.com.br\/index.php\/conhecendo-artur-nogueria\/","og_locale":"pt_BR","og_type":"article","og_title":"Artur Nogueria - 6\u00ba Encontro Amigos do R\u00e1dio 10-11\/10\/2026","og_description":"Conhe\u00e7a nossa cidade Artur Nogueira pertenceu, at\u00e9 o come\u00e7o deste s\u00e9culo, \u00e0s tradicionais fam\u00edlias paulistas, como Jo\u00e3o e Matheus Ferreira de Camargo, conhecidos por \u201cDoricos\u201d, estabelecidos no Bairro Guaiqu\u00edca, hoje Distrito de Engenheiro Coelho; Francisco Pinto Adorno, estabelecido com seus irm\u00e3os no bairro Mato Dentro; Jo\u00e3o Sert\u00f3rio e Dona Maria Gl\u00f3ria Sert\u00f3rio, estabelecidos no bairro [&hellip;]","og_url":"https:\/\/encontroamigosdoradio.com.br\/index.php\/conhecendo-artur-nogueria\/","og_site_name":"6\u00ba Encontro Amigos do R\u00e1dio 10-11\/10\/2026","article_modified_time":"2025-09-21T19:59:59+00:00","og_image":[{"width":580,"height":300,"url":"https:\/\/encontroamigosdoradio.com.br\/wp-content\/uploads\/2025\/09\/arturnogueira.png","type":"image\/png"}],"twitter_card":"summary_large_image","twitter_misc":{"Est. tempo de leitura":"10 minutos"},"schema":{"@context":"https:\/\/schema.org","@graph":[{"@type":"WebPage","@id":"https:\/\/encontroamigosdoradio.com.br\/index.php\/conhecendo-artur-nogueria\/","url":"https:\/\/encontroamigosdoradio.com.br\/index.php\/conhecendo-artur-nogueria\/","name":"Artur Nogueria - 6\u00ba Encontro Amigos do R\u00e1dio 10-11\/10\/2026","isPartOf":{"@id":"https:\/\/encontroamigosdoradio.com.br\/#website"},"primaryImageOfPage":{"@id":"https:\/\/encontroamigosdoradio.com.br\/index.php\/conhecendo-artur-nogueria\/#primaryimage"},"image":{"@id":"https:\/\/encontroamigosdoradio.com.br\/index.php\/conhecendo-artur-nogueria\/#primaryimage"},"thumbnailUrl":"https:\/\/encontroamigosdoradio.com.br\/wp-content\/uploads\/2025\/09\/arturnogueira.png","datePublished":"2025-09-16T10:53:07+00:00","dateModified":"2025-09-21T19:59:59+00:00","breadcrumb":{"@id":"https:\/\/encontroamigosdoradio.com.br\/index.php\/conhecendo-artur-nogueria\/#breadcrumb"},"inLanguage":"pt-BR","potentialAction":[{"@type":"ReadAction","target":["https:\/\/encontroamigosdoradio.com.br\/index.php\/conhecendo-artur-nogueria\/"]}]},{"@type":"ImageObject","inLanguage":"pt-BR","@id":"https:\/\/encontroamigosdoradio.com.br\/index.php\/conhecendo-artur-nogueria\/#primaryimage","url":"https:\/\/encontroamigosdoradio.com.br\/wp-content\/uploads\/2025\/09\/arturnogueira.png","contentUrl":"https:\/\/encontroamigosdoradio.com.br\/wp-content\/uploads\/2025\/09\/arturnogueira.png","width":580,"height":300},{"@type":"BreadcrumbList","@id":"https:\/\/encontroamigosdoradio.com.br\/index.php\/conhecendo-artur-nogueria\/#breadcrumb","itemListElement":[{"@type":"ListItem","position":1,"name":"In\u00edcio","item":"https:\/\/encontroamigosdoradio.com.br\/"},{"@type":"ListItem","position":2,"name":"Artur Nogueria"}]},{"@type":"WebSite","@id":"https:\/\/encontroamigosdoradio.com.br\/#website","url":"https:\/\/encontroamigosdoradio.com.br\/","name":"Encontro Amigos do R\u00e1dio","description":"Onde a paix\u00e3o vira comunica\u00e7\u00e3o e amizade vira fam\u00edlia","publisher":{"@id":"https:\/\/encontroamigosdoradio.com.br\/#organization"},"potentialAction":[{"@type":"SearchAction","target":{"@type":"EntryPoint","urlTemplate":"https:\/\/encontroamigosdoradio.com.br\/?s={search_term_string}"},"query-input":{"@type":"PropertyValueSpecification","valueRequired":true,"valueName":"search_term_string"}}],"inLanguage":"pt-BR"},{"@type":"Organization","@id":"https:\/\/encontroamigosdoradio.com.br\/#organization","name":"Encontro Amigos do R\u00e1dio","url":"https:\/\/encontroamigosdoradio.com.br\/","logo":{"@type":"ImageObject","inLanguage":"pt-BR","@id":"https:\/\/encontroamigosdoradio.com.br\/#\/schema\/logo\/image\/","url":"https:\/\/encontroamigosdoradio.com.br\/wp-content\/uploads\/2025\/02\/banner1-dia12102025.png","contentUrl":"https:\/\/encontroamigosdoradio.com.br\/wp-content\/uploads\/2025\/02\/banner1-dia12102025.png","width":580,"height":300,"caption":"Encontro Amigos do R\u00e1dio"},"image":{"@id":"https:\/\/encontroamigosdoradio.com.br\/#\/schema\/logo\/image\/"}}]}},"_links":{"self":[{"href":"https:\/\/encontroamigosdoradio.com.br\/index.php\/wp-json\/wp\/v2\/pages\/597","targetHints":{"allow":["GET"]}}],"collection":[{"href":"https:\/\/encontroamigosdoradio.com.br\/index.php\/wp-json\/wp\/v2\/pages"}],"about":[{"href":"https:\/\/encontroamigosdoradio.com.br\/index.php\/wp-json\/wp\/v2\/types\/page"}],"author":[{"embeddable":true,"href":"https:\/\/encontroamigosdoradio.com.br\/index.php\/wp-json\/wp\/v2\/users\/1"}],"replies":[{"embeddable":true,"href":"https:\/\/encontroamigosdoradio.com.br\/index.php\/wp-json\/wp\/v2\/comments?post=597"}],"version-history":[{"count":5,"href":"https:\/\/encontroamigosdoradio.com.br\/index.php\/wp-json\/wp\/v2\/pages\/597\/revisions"}],"predecessor-version":[{"id":698,"href":"https:\/\/encontroamigosdoradio.com.br\/index.php\/wp-json\/wp\/v2\/pages\/597\/revisions\/698"}],"wp:featuredmedia":[{"embeddable":true,"href":"https:\/\/encontroamigosdoradio.com.br\/index.php\/wp-json\/wp\/v2\/media\/613"}],"wp:attachment":[{"href":"https:\/\/encontroamigosdoradio.com.br\/index.php\/wp-json\/wp\/v2\/media?parent=597"}],"curies":[{"name":"wp","href":"https:\/\/api.w.org\/{rel}","templated":true}]}}