{"id":668,"date":"2025-09-19T11:10:11","date_gmt":"2025-09-19T14:10:11","guid":{"rendered":"https:\/\/encontroamigosdoradio.com.br\/?page_id=668"},"modified":"2025-10-06T06:11:21","modified_gmt":"2025-10-06T09:11:21","slug":"videos","status":"publish","type":"page","link":"https:\/\/encontroamigosdoradio.com.br\/index.php\/videos\/","title":{"rendered":"V\u00eddeos"},"content":{"rendered":"<div class=\"wp-block-image\">\n<figure class=\"aligncenter size-full\"><img loading=\"lazy\" decoding=\"async\" width=\"580\" height=\"300\" src=\"https:\/\/encontroamigosdoradio.com.br\/wp-content\/uploads\/2025\/09\/videos.png\" alt=\"Confira aqui os v\u00eddeos preparados sobre nosso evento com dicas \u00fateis e informa\u00e7\u00f5es relevantes\" class=\"wp-image-669\" srcset=\"https:\/\/encontroamigosdoradio.com.br\/wp-content\/uploads\/2025\/09\/videos.png 580w, https:\/\/encontroamigosdoradio.com.br\/wp-content\/uploads\/2025\/09\/videos-300x155.png 300w\" sizes=\"auto, (max-width: 580px) 100vw, 580px\" \/><\/figure>\n<\/div>\n\n\n<p class=\"wp-block-paragraph\"><\/p>\n\n\n\n<p class=\"wp-block-paragraph\">APOIO<br><\/p>\n\n\n<div class=\"wp-block-image\">\n<figure class=\"aligncenter size-full is-resized\"><img loading=\"lazy\" decoding=\"async\" width=\"500\" height=\"500\" src=\"https:\/\/encontroamigosdoradio.com.br\/wp-content\/uploads\/2025\/10\/gif-patrocinadores.gif\" alt=\"\" class=\"wp-image-778\" style=\"width:217px;height:auto\"\/><\/figure>\n<\/div>\n\n\n<p class=\"wp-block-paragraph\"><\/p>\n\n\n\n<p class=\"wp-block-paragraph\"><strong>Apoio social ao AIDAN &#8211; traga sua contribui\u00e7\u00e3o e concorra a diversos brindes da feira e de apoiadores.<\/strong><\/p>\n\n\n\n<figure class=\"wp-block-embed is-type-video is-provider-youtube wp-block-embed-youtube wp-embed-aspect-16-9 wp-has-aspect-ratio\"><div class=\"wp-block-embed__wrapper\">\n<iframe loading=\"lazy\" title=\"Voc\u00ea est\u00e1 preparado, doa\u00e7\u00f5es ao AIDAN 12\/10\/2025 Artur Nogueira SP e concorra a pr\u00eamios da feira\" width=\"640\" height=\"360\" src=\"https:\/\/www.youtube.com\/embed\/y7FQJI_yGbg?feature=oembed\" frameborder=\"0\" allow=\"accelerometer; autoplay; clipboard-write; encrypted-media; gyroscope; picture-in-picture; web-share\" referrerpolicy=\"strict-origin-when-cross-origin\" allowfullscreen><\/iframe>\n<\/div><\/figure>\n\n\n\n<p class=\"wp-block-paragraph\"><strong>Convite importante direto de Artur Nogueira SP pra todos os radiamadores e entusiastas<\/strong><\/p>\n\n\n\n<figure class=\"wp-block-embed is-type-video is-provider-youtube wp-block-embed-youtube wp-embed-aspect-16-9 wp-has-aspect-ratio\"><div class=\"wp-block-embed__wrapper\">\n<iframe loading=\"lazy\" title=\"Desde Artur Nogueira para voc\u00ea amigo radioamador 12\/10 nosso encontro\" width=\"640\" height=\"360\" src=\"https:\/\/www.youtube.com\/embed\/SQHYJl1mOJ8?feature=oembed\" frameborder=\"0\" allow=\"accelerometer; autoplay; clipboard-write; encrypted-media; gyroscope; picture-in-picture; web-share\" referrerpolicy=\"strict-origin-when-cross-origin\" allowfullscreen><\/iframe>\n<\/div><\/figure>\n\n\n\n<p class=\"wp-block-paragraph\"><strong>Dicas sobre o encontro muito importantes, monte sua esta\u00e7\u00e3o e uso todo o espa\u00e7o dispon\u00edvel<\/strong><\/p>\n\n\n\n<figure class=\"wp-block-embed is-type-video is-provider-youtube wp-block-embed-youtube wp-embed-aspect-16-9 wp-has-aspect-ratio\"><div class=\"wp-block-embed__wrapper\">\n<iframe loading=\"lazy\" title=\"Dicas sobre local do 5\u00b0 Encontro Amigos do R\u00e1dio, apoio social e mais\" width=\"640\" height=\"360\" src=\"https:\/\/www.youtube.com\/embed\/chwupK1_LUk?feature=oembed\" frameborder=\"0\" allow=\"accelerometer; autoplay; clipboard-write; encrypted-media; gyroscope; picture-in-picture; web-share\" referrerpolicy=\"strict-origin-when-cross-origin\" allowfullscreen><\/iframe>\n<\/div><\/figure>\n\n\n\n<p class=\"wp-block-paragraph\"><strong>Convite e informa\u00e7\u00f5es sobre doa\u00e7\u00f5es, motorhome, agenda de eventos, programa\u00e7\u00e3o.<\/strong><\/p>\n\n\n\n<figure class=\"wp-block-embed is-type-video is-provider-youtube wp-block-embed-youtube wp-embed-aspect-16-9 wp-has-aspect-ratio\"><div class=\"wp-block-embed__wrapper\">\n<iframe loading=\"lazy\" title=\"Grava\u00e7\u00e3o no local do encontro com mais informa\u00e7\u00f5es e novidades confira.\" width=\"640\" height=\"360\" src=\"https:\/\/www.youtube.com\/embed\/CItfoiPOTZs?feature=oembed\" frameborder=\"0\" allow=\"accelerometer; autoplay; clipboard-write; encrypted-media; gyroscope; picture-in-picture; web-share\" referrerpolicy=\"strict-origin-when-cross-origin\" allowfullscreen><\/iframe>\n<\/div><\/figure>\n\n\n\n<p class=\"wp-block-paragraph\"><strong>Convite para assistir a apresenta\u00e7\u00e3o do grupo de violeiros do Projeto Retreta de Artur Nogueira.<\/strong><\/p>\n\n\n\n<figure class=\"wp-block-embed is-type-video is-provider-youtube wp-block-embed-youtube wp-embed-aspect-16-9 wp-has-aspect-ratio\"><div class=\"wp-block-embed__wrapper\">\n<iframe loading=\"lazy\" title=\"Ontem tivemos o ensaio da turma de cordas, viol\u00e3o, viola caipira, contra baixo e guitarra Retreta\" width=\"640\" height=\"360\" src=\"https:\/\/www.youtube.com\/embed\/VBnuLjGmkaQ?feature=oembed\" frameborder=\"0\" allow=\"accelerometer; autoplay; clipboard-write; encrypted-media; gyroscope; picture-in-picture; web-share\" referrerpolicy=\"strict-origin-when-cross-origin\" allowfullscreen><\/iframe>\n<\/div><\/figure>\n\n\n\n<p class=\"wp-block-paragraph\"><strong>Um passeio pelas ruas de Artur Nogueira, Centro at\u00e9 a Igreja Cat\u00f3lica.<\/strong><\/p>\n\n\n\n<figure class=\"wp-block-embed is-type-video is-provider-youtube wp-block-embed-youtube wp-embed-aspect-16-9 wp-has-aspect-ratio\"><div class=\"wp-block-embed__wrapper\">\n<iframe loading=\"lazy\" title=\"Rubens Zolotujin PY2VE est\u00e1 ao vivo! direto do centro da cidade de Artur Nogueira\" width=\"640\" height=\"360\" src=\"https:\/\/www.youtube.com\/embed\/c9rYC5sHEr0?feature=oembed\" frameborder=\"0\" allow=\"accelerometer; autoplay; clipboard-write; encrypted-media; gyroscope; picture-in-picture; web-share\" referrerpolicy=\"strict-origin-when-cross-origin\" allowfullscreen><\/iframe>\n<\/div><\/figure>\n\n\n\n<p class=\"wp-block-paragraph\"><strong>Aqui um pouco do local do Encontro de Radioamadores no dia 12\/10\/2025<\/strong><\/p>\n\n\n\n<figure class=\"wp-block-embed is-type-video is-provider-youtube wp-block-embed-youtube wp-embed-aspect-16-9 wp-has-aspect-ratio\"><div class=\"wp-block-embed__wrapper\">\n<iframe loading=\"lazy\" title=\"Rubens Ao vivo! direto do local do nosso evento que ser\u00e1 dia 12\/10\/2025 Encontro Amigos do R\u00e1dio\" width=\"640\" height=\"360\" src=\"https:\/\/www.youtube.com\/embed\/g-jL1Jfi2rg?feature=oembed\" frameborder=\"0\" allow=\"accelerometer; autoplay; clipboard-write; encrypted-media; gyroscope; picture-in-picture; web-share\" referrerpolicy=\"strict-origin-when-cross-origin\" allowfullscreen><\/iframe>\n<\/div><\/figure>\n\n\n\n<p class=\"wp-block-paragraph\"><strong>Artur Nogueira, Ber\u00e7o da amizade divulga\u00e7\u00e3o<\/strong><\/p>\n\n\n\n<figure class=\"wp-block-embed is-type-video is-provider-youtube wp-block-embed-youtube wp-embed-aspect-9-16 wp-has-aspect-ratio\"><div class=\"wp-block-embed__wrapper\">\n<iframe loading=\"lazy\" title=\"Ber\u00e7o da amizade Artur Nogueira SP temos o 5\u00b0 Encontro Amigos do R\u00e1dio Encontroamigosdoradio.com.br1\" width=\"540\" height=\"960\" src=\"https:\/\/www.youtube.com\/embed\/DVpYyk3LY0A?feature=oembed\" frameborder=\"0\" allow=\"accelerometer; autoplay; clipboard-write; encrypted-media; gyroscope; picture-in-picture; web-share\" referrerpolicy=\"strict-origin-when-cross-origin\" allowfullscreen><\/iframe>\n<\/div><\/figure>\n\n\n\n<p class=\"wp-block-paragraph\"><strong>5\u00ba Encontro Amigos do R\u00e1dio dia 12\/10\/2025 informa\u00e7\u00f5es<\/strong><\/p>\n\n\n\n<figure class=\"wp-block-embed is-type-video is-provider-youtube wp-block-embed-youtube wp-embed-aspect-9-16 wp-has-aspect-ratio\"><div class=\"wp-block-embed__wrapper\">\n<iframe loading=\"lazy\" title=\"5\u00b0 Encontro Amigos do R\u00e1dio mais informa\u00e7\u00f5es Artur Nogueira 12\/10 #encontro #hamradio #amateurradio\" width=\"540\" height=\"960\" src=\"https:\/\/www.youtube.com\/embed\/HwL6f-Mzkpg?feature=oembed\" frameborder=\"0\" allow=\"accelerometer; autoplay; clipboard-write; encrypted-media; gyroscope; picture-in-picture; web-share\" referrerpolicy=\"strict-origin-when-cross-origin\" allowfullscreen><\/iframe>\n<\/div><\/figure>\n\n\n\n<p class=\"wp-block-paragraph\"><strong>Convite para o 5\u00ba Encontro Amigos do R\u00e1dio 12\/10\/2025<\/strong><\/p>\n\n\n\n<figure class=\"wp-block-embed is-type-video is-provider-youtube wp-block-embed-youtube wp-embed-aspect-9-16 wp-has-aspect-ratio\"><div class=\"wp-block-embed__wrapper\">\n<iframe loading=\"lazy\" title=\"5\u00b0 Encontro Amigos do R\u00e1dio 12\/10\/2025 - Artur Nogueira -SP\" width=\"540\" height=\"960\" src=\"https:\/\/www.youtube.com\/embed\/RKhPNEr6rfs?feature=oembed\" frameborder=\"0\" allow=\"accelerometer; autoplay; clipboard-write; encrypted-media; gyroscope; picture-in-picture; web-share\" referrerpolicy=\"strict-origin-when-cross-origin\" allowfullscreen><\/iframe>\n<\/div><\/figure>\n\n\n\n<p class=\"wp-block-paragraph\"><\/p>\n\n\n\n<figure class=\"wp-block-embed is-type-video is-provider-youtube wp-block-embed-youtube wp-embed-aspect-16-9 wp-has-aspect-ratio\"><div class=\"wp-block-embed__wrapper\">\n<iframe loading=\"lazy\" title=\"Bem vindo a Artur Nogueira, conhe\u00e7a nossos caminhos at\u00e9 local do encontro de radioamadores\" width=\"640\" height=\"360\" src=\"https:\/\/www.youtube.com\/embed\/O6idPqk62QI?feature=oembed\" frameborder=\"0\" allow=\"accelerometer; autoplay; clipboard-write; encrypted-media; gyroscope; picture-in-picture; web-share\" referrerpolicy=\"strict-origin-when-cross-origin\" allowfullscreen><\/iframe>\n<\/div><\/figure>\n\n\n\n<p class=\"wp-block-paragraph\"><strong>Feira de Artur Nogueira<\/strong><\/p>\n\n\n\n<figure class=\"wp-block-embed is-type-video is-provider-youtube wp-block-embed-youtube wp-embed-aspect-16-9 wp-has-aspect-ratio\"><div class=\"wp-block-embed__wrapper\">\n<iframe loading=\"lazy\" title=\"Alguns apoiadores da feira do Produtor Rural de Artur Nogueira para o 5\u00b0 Encontro Amigos do R\u00e1dio \" width=\"640\" height=\"360\" src=\"https:\/\/www.youtube.com\/embed\/nFCBea5gKuo?feature=oembed\" frameborder=\"0\" allow=\"accelerometer; autoplay; clipboard-write; encrypted-media; gyroscope; picture-in-picture; web-share\" referrerpolicy=\"strict-origin-when-cross-origin\" allowfullscreen><\/iframe>\n<\/div><\/figure>\n\n\n\n<p class=\"wp-block-paragraph\"><\/p>\n\n\n\n<figure class=\"wp-block-embed is-type-video is-provider-youtube wp-block-embed-youtube wp-embed-aspect-16-9 wp-has-aspect-ratio\"><div class=\"wp-block-embed__wrapper\">\n<iframe loading=\"lazy\" title=\"Ensaio do grupo de violas do Projeto Retreta apresenta\u00e7\u00e3o dia 12\/10\" width=\"640\" height=\"360\" src=\"https:\/\/www.youtube.com\/embed\/8A5JQhhHsXA?feature=oembed\" frameborder=\"0\" allow=\"accelerometer; autoplay; clipboard-write; encrypted-media; gyroscope; picture-in-picture; web-share\" referrerpolicy=\"strict-origin-when-cross-origin\" allowfullscreen><\/iframe>\n<\/div><\/figure>\n\n\n\n<p class=\"wp-block-paragraph\"><strong>Instala\u00e7\u00e3o banner na cidade<\/strong><\/p>\n\n\n\n<figure class=\"wp-block-embed is-type-video is-provider-youtube wp-block-embed-youtube wp-embed-aspect-16-9 wp-has-aspect-ratio\"><div class=\"wp-block-embed__wrapper\">\n<iframe loading=\"lazy\" title=\"Banner instalado no local do 5\u00b0 Encontro Amigos do R\u00e1dio 12\/10\" width=\"640\" height=\"360\" src=\"https:\/\/www.youtube.com\/embed\/MDTGZvGLLKI?feature=oembed\" frameborder=\"0\" allow=\"accelerometer; autoplay; clipboard-write; encrypted-media; gyroscope; picture-in-picture; web-share\" referrerpolicy=\"strict-origin-when-cross-origin\" allowfullscreen><\/iframe>\n<\/div><\/figure>\n\n\n\n<p class=\"wp-block-paragraph\">Steelbras convite especial<\/p>\n\n\n\n<figure class=\"wp-block-embed is-type-video is-provider-youtube wp-block-embed-youtube wp-embed-aspect-9-16 wp-has-aspect-ratio\"><div class=\"wp-block-embed__wrapper\">\n<iframe loading=\"lazy\" title=\"Convite exclusivo Steelbras te esperamos aqui no encontro dia 12\/10 #encontro #steelbras #louvetel\" width=\"540\" height=\"960\" src=\"https:\/\/www.youtube.com\/embed\/gDKfMaRTjpo?feature=oembed\" frameborder=\"0\" allow=\"accelerometer; autoplay; clipboard-write; encrypted-media; gyroscope; picture-in-picture; web-share\" referrerpolicy=\"strict-origin-when-cross-origin\" allowfullscreen><\/iframe>\n<\/div><\/figure>\n\n\n\n<p class=\"wp-block-paragraph\"><\/p>\n","protected":false},"excerpt":{"rendered":"<p>APOIO Apoio social ao AIDAN &#8211; traga sua contribui\u00e7\u00e3o e concorra a diversos brindes da feira e de apoiadores. Convite importante direto de Artur Nogueira SP pra todos os radiamadores e entusiastas Dicas sobre o encontro muito importantes, monte sua esta\u00e7\u00e3o e uso todo o espa\u00e7o dispon\u00edvel Convite e informa\u00e7\u00f5es sobre doa\u00e7\u00f5es, motorhome, agenda de [&hellip;]<\/p>\n","protected":false},"author":1,"featured_media":0,"parent":0,"menu_order":0,"comment_status":"closed","ping_status":"closed","template":"","meta":{"footnotes":""},"class_list":["post-668","page","type-page","status-publish","hentry"],"aioseo_notices":[],"aioseo_head":"\n\t\t<!-- All in One SEO 5.0.1.1 - aioseo.com -->\n\t<meta name=\"description\" content=\"APOIO Apoio social ao AIDAN - traga sua contribui\u00e7\u00e3o e concorra a diversos brindes da feira e de apoiadores. Convite importante direto de Artur Nogueira SP pra todos os radiamadores e entusiastas Dicas sobre o encontro muito importantes, monte sua esta\u00e7\u00e3o e uso todo o espa\u00e7o dispon\u00edvel Convite e informa\u00e7\u00f5es sobre doa\u00e7\u00f5es, motorhome, agenda de\" \/>\n\t<meta name=\"robots\" content=\"max-image-preview:large\" \/>\n\t<link rel=\"canonical\" href=\"https:\/\/encontroamigosdoradio.com.br\/index.php\/videos\/\" \/>\n\t<meta name=\"generator\" content=\"All in One SEO (AIOSEO) 5.0.1.1\" \/>\n\t\t<meta property=\"og:locale\" content=\"pt_BR\" \/>\n\t\t<meta property=\"og:site_name\" content=\"6\u00ba Encontro Amigos do R\u00e1dio 111\/10\/2026 - Onde a paix\u00e3o vira comunica\u00e7\u00e3o e amizade vira fam\u00edlia\" \/>\n\t\t<meta property=\"og:type\" content=\"article\" \/>\n\t\t<meta property=\"og:title\" content=\"V\u00eddeos - 6\u00ba Encontro Amigos do R\u00e1dio 111\/10\/2026\" \/>\n\t\t<meta property=\"og:description\" content=\"APOIO Apoio social ao AIDAN - traga sua contribui\u00e7\u00e3o e concorra a diversos brindes da feira e de apoiadores. Convite importante direto de Artur Nogueira SP pra todos os radiamadores e entusiastas Dicas sobre o encontro muito importantes, monte sua esta\u00e7\u00e3o e uso todo o espa\u00e7o dispon\u00edvel Convite e informa\u00e7\u00f5es sobre doa\u00e7\u00f5es, motorhome, agenda de\" \/>\n\t\t<meta property=\"og:url\" content=\"https:\/\/encontroamigosdoradio.com.br\/index.php\/videos\/\" \/>\n\t\t<meta property=\"og:image\" content=\"https:\/\/encontroamigosdoradio.com.br\/wp-content\/uploads\/2026\/07\/cropped-banner-01.png\" \/>\n\t\t<meta property=\"og:image:secure_url\" content=\"https:\/\/encontroamigosdoradio.com.br\/wp-content\/uploads\/2026\/07\/cropped-banner-01.png\" \/>\n\t\t<meta property=\"og:image:width\" content=\"1919\" \/>\n\t\t<meta property=\"og:image:height\" content=\"600\" \/>\n\t\t<meta property=\"article:published_time\" content=\"2025-09-19T14:10:11+00:00\" \/>\n\t\t<meta property=\"article:modified_time\" content=\"2025-10-06T09:11:21+00:00\" \/>\n\t\t<meta name=\"twitter:card\" content=\"summary_large_image\" \/>\n\t\t<meta name=\"twitter:title\" content=\"V\u00eddeos - 6\u00ba Encontro Amigos do R\u00e1dio 111\/10\/2026\" \/>\n\t\t<meta name=\"twitter:description\" content=\"APOIO Apoio social ao AIDAN - traga sua contribui\u00e7\u00e3o e concorra a diversos brindes da feira e de apoiadores. Convite importante direto de Artur Nogueira SP pra todos os radiamadores e entusiastas Dicas sobre o encontro muito importantes, monte sua esta\u00e7\u00e3o e uso todo o espa\u00e7o dispon\u00edvel Convite e informa\u00e7\u00f5es sobre doa\u00e7\u00f5es, motorhome, agenda de\" \/>\n\t\t<meta name=\"twitter:image\" content=\"https:\/\/encontroamigosdoradio.com.br\/wp-content\/uploads\/2026\/07\/cropped-banner-01.png\" \/>\n\t\t<script type=\"application\/ld+json\" class=\"aioseo-schema\">\n\t\t\t{\"@context\":\"https:\\\/\\\/schema.org\",\"@graph\":[{\"@type\":\"BreadcrumbList\",\"@id\":\"https:\\\/\\\/encontroamigosdoradio.com.br\\\/index.php\\\/videos\\\/#breadcrumblist\",\"itemListElement\":[{\"@type\":\"ListItem\",\"@id\":\"https:\\\/\\\/encontroamigosdoradio.com.br#listItem\",\"position\":1,\"name\":\"Home\",\"item\":\"https:\\\/\\\/encontroamigosdoradio.com.br\",\"nextItem\":{\"@type\":\"ListItem\",\"@id\":\"https:\\\/\\\/encontroamigosdoradio.com.br\\\/index.php\\\/videos\\\/#listItem\",\"name\":\"V\\u00eddeos\"}},{\"@type\":\"ListItem\",\"@id\":\"https:\\\/\\\/encontroamigosdoradio.com.br\\\/index.php\\\/videos\\\/#listItem\",\"position\":2,\"name\":\"V\\u00eddeos\",\"previousItem\":{\"@type\":\"ListItem\",\"@id\":\"https:\\\/\\\/encontroamigosdoradio.com.br#listItem\",\"name\":\"Home\"}}]},{\"@type\":\"Organization\",\"@id\":\"https:\\\/\\\/encontroamigosdoradio.com.br\\\/#organization\",\"name\":\"6\\u00ba Encontro Amigos do R\\u00e1dio 111\\\/10\\\/2026\",\"description\":\"Onde a paix\\u00e3o vira comunica\\u00e7\\u00e3o e amizade vira fam\\u00edlia\",\"url\":\"https:\\\/\\\/encontroamigosdoradio.com.br\\\/\",\"logo\":{\"@type\":\"ImageObject\",\"url\":\"https:\\\/\\\/encontroamigosdoradio.com.br\\\/wp-content\\\/uploads\\\/2026\\\/07\\\/cropped-banner-01.png\",\"@id\":\"https:\\\/\\\/encontroamigosdoradio.com.br\\\/index.php\\\/videos\\\/#organizationLogo\",\"width\":1919,\"height\":600},\"image\":{\"@id\":\"https:\\\/\\\/encontroamigosdoradio.com.br\\\/index.php\\\/videos\\\/#organizationLogo\"}},{\"@type\":\"WebPage\",\"@id\":\"https:\\\/\\\/encontroamigosdoradio.com.br\\\/index.php\\\/videos\\\/#webpage\",\"url\":\"https:\\\/\\\/encontroamigosdoradio.com.br\\\/index.php\\\/videos\\\/\",\"name\":\"V\\u00eddeos - 6\\u00ba Encontro Amigos do R\\u00e1dio 111\\\/10\\\/2026\",\"description\":\"APOIO Apoio social ao AIDAN - traga sua contribui\\u00e7\\u00e3o e concorra a diversos brindes da feira e de apoiadores. Convite importante direto de Artur Nogueira SP pra todos os radiamadores e entusiastas Dicas sobre o encontro muito importantes, monte sua esta\\u00e7\\u00e3o e uso todo o espa\\u00e7o dispon\\u00edvel Convite e informa\\u00e7\\u00f5es sobre doa\\u00e7\\u00f5es, motorhome, agenda de\",\"inLanguage\":\"pt-BR\",\"isPartOf\":{\"@id\":\"https:\\\/\\\/encontroamigosdoradio.com.br\\\/#website\"},\"breadcrumb\":{\"@id\":\"https:\\\/\\\/encontroamigosdoradio.com.br\\\/index.php\\\/videos\\\/#breadcrumblist\"},\"datePublished\":\"2025-09-19T11:10:11-03:00\",\"dateModified\":\"2025-10-06T06:11:21-03:00\"},{\"@type\":\"WebSite\",\"@id\":\"https:\\\/\\\/encontroamigosdoradio.com.br\\\/#website\",\"url\":\"https:\\\/\\\/encontroamigosdoradio.com.br\\\/\",\"name\":\"6\\u00ba Encontro Amigos do R\\u00e1dio 111\\\/10\\\/2026\",\"description\":\"Onde a paix\\u00e3o vira comunica\\u00e7\\u00e3o e amizade vira fam\\u00edlia\",\"inLanguage\":\"pt-BR\",\"publisher\":{\"@id\":\"https:\\\/\\\/encontroamigosdoradio.com.br\\\/#organization\"}}]}\n\t\t<\/script>\n\t\t<!-- All in One SEO -->\n\n","aioseo_head_json":{"title":"V\u00eddeos - 6\u00ba Encontro Amigos do R\u00e1dio 111\/10\/2026","description":"APOIO Apoio social ao AIDAN - traga sua contribui\u00e7\u00e3o e concorra a diversos brindes da feira e de apoiadores. Convite importante direto de Artur Nogueira SP pra todos os radiamadores e entusiastas Dicas sobre o encontro muito importantes, monte sua esta\u00e7\u00e3o e uso todo o espa\u00e7o dispon\u00edvel Convite e informa\u00e7\u00f5es sobre doa\u00e7\u00f5es, motorhome, agenda de","canonical_url":"https:\/\/encontroamigosdoradio.com.br\/index.php\/videos\/","robots":"max-image-preview:large","keywords":"","webmasterTools":{"miscellaneous":""},"schema":{"@context":"https:\/\/schema.org","@graph":[{"@type":"BreadcrumbList","@id":"https:\/\/encontroamigosdoradio.com.br\/index.php\/videos\/#breadcrumblist","itemListElement":[{"@type":"ListItem","@id":"https:\/\/encontroamigosdoradio.com.br#listItem","position":1,"name":"Home","item":"https:\/\/encontroamigosdoradio.com.br","nextItem":{"@type":"ListItem","@id":"https:\/\/encontroamigosdoradio.com.br\/index.php\/videos\/#listItem","name":"V\u00eddeos"}},{"@type":"ListItem","@id":"https:\/\/encontroamigosdoradio.com.br\/index.php\/videos\/#listItem","position":2,"name":"V\u00eddeos","previousItem":{"@type":"ListItem","@id":"https:\/\/encontroamigosdoradio.com.br#listItem","name":"Home"}}]},{"@type":"Organization","@id":"https:\/\/encontroamigosdoradio.com.br\/#organization","name":"6\u00ba Encontro Amigos do R\u00e1dio 111\/10\/2026","description":"Onde a paix\u00e3o vira comunica\u00e7\u00e3o e amizade vira fam\u00edlia","url":"https:\/\/encontroamigosdoradio.com.br\/","logo":{"@type":"ImageObject","url":"https:\/\/encontroamigosdoradio.com.br\/wp-content\/uploads\/2026\/07\/cropped-banner-01.png","@id":"https:\/\/encontroamigosdoradio.com.br\/index.php\/videos\/#organizationLogo","width":1919,"height":600},"image":{"@id":"https:\/\/encontroamigosdoradio.com.br\/index.php\/videos\/#organizationLogo"}},{"@type":"WebPage","@id":"https:\/\/encontroamigosdoradio.com.br\/index.php\/videos\/#webpage","url":"https:\/\/encontroamigosdoradio.com.br\/index.php\/videos\/","name":"V\u00eddeos - 6\u00ba Encontro Amigos do R\u00e1dio 111\/10\/2026","description":"APOIO Apoio social ao AIDAN - traga sua contribui\u00e7\u00e3o e concorra a diversos brindes da feira e de apoiadores. Convite importante direto de Artur Nogueira SP pra todos os radiamadores e entusiastas Dicas sobre o encontro muito importantes, monte sua esta\u00e7\u00e3o e uso todo o espa\u00e7o dispon\u00edvel Convite e informa\u00e7\u00f5es sobre doa\u00e7\u00f5es, motorhome, agenda de","inLanguage":"pt-BR","isPartOf":{"@id":"https:\/\/encontroamigosdoradio.com.br\/#website"},"breadcrumb":{"@id":"https:\/\/encontroamigosdoradio.com.br\/index.php\/videos\/#breadcrumblist"},"datePublished":"2025-09-19T11:10:11-03:00","dateModified":"2025-10-06T06:11:21-03:00"},{"@type":"WebSite","@id":"https:\/\/encontroamigosdoradio.com.br\/#website","url":"https:\/\/encontroamigosdoradio.com.br\/","name":"6\u00ba Encontro Amigos do R\u00e1dio 111\/10\/2026","description":"Onde a paix\u00e3o vira comunica\u00e7\u00e3o e amizade vira fam\u00edlia","inLanguage":"pt-BR","publisher":{"@id":"https:\/\/encontroamigosdoradio.com.br\/#organization"}}]},"og:locale":"pt_BR","og:site_name":"6\u00ba Encontro Amigos do R\u00e1dio 111\/10\/2026 - Onde a paix\u00e3o vira comunica\u00e7\u00e3o e amizade vira fam\u00edlia","og:type":"article","og:title":"V\u00eddeos - 6\u00ba Encontro Amigos do R\u00e1dio 111\/10\/2026","og:description":"APOIO Apoio social ao AIDAN - traga sua contribui\u00e7\u00e3o e concorra a diversos brindes da feira e de apoiadores. Convite importante direto de Artur Nogueira SP pra todos os radiamadores e entusiastas Dicas sobre o encontro muito importantes, monte sua esta\u00e7\u00e3o e uso todo o espa\u00e7o dispon\u00edvel Convite e informa\u00e7\u00f5es sobre doa\u00e7\u00f5es, motorhome, agenda de","og:url":"https:\/\/encontroamigosdoradio.com.br\/index.php\/videos\/","og:image":"https:\/\/encontroamigosdoradio.com.br\/wp-content\/uploads\/2026\/07\/cropped-banner-01.png","og:image:secure_url":"https:\/\/encontroamigosdoradio.com.br\/wp-content\/uploads\/2026\/07\/cropped-banner-01.png","og:image:width":1919,"og:image:height":600,"article:published_time":"2025-09-19T14:10:11+00:00","article:modified_time":"2025-10-06T09:11:21+00:00","twitter:card":"summary_large_image","twitter:title":"V\u00eddeos - 6\u00ba Encontro Amigos do R\u00e1dio 111\/10\/2026","twitter:description":"APOIO Apoio social ao AIDAN - traga sua contribui\u00e7\u00e3o e concorra a diversos brindes da feira e de apoiadores. Convite importante direto de Artur Nogueira SP pra todos os radiamadores e entusiastas Dicas sobre o encontro muito importantes, monte sua esta\u00e7\u00e3o e uso todo o espa\u00e7o dispon\u00edvel Convite e informa\u00e7\u00f5es sobre doa\u00e7\u00f5es, motorhome, agenda de","twitter:image":"https:\/\/encontroamigosdoradio.com.br\/wp-content\/uploads\/2026\/07\/cropped-banner-01.png"},"aioseo_meta_data":{"post_id":"668","title":null,"description":null,"keywords":null,"keyphrases":{"focus":[],"additional":[]},"primary_term":null,"canonical_url":null,"og_title":null,"og_description":null,"og_object_type":"default","og_image_type":"default","og_image_custom_url":null,"og_image_custom_fields":null,"og_image_url":null,"og_image_width":null,"og_image_height":null,"og_video":null,"og_custom_url":null,"og_article_section":null,"og_article_tags":null,"twitter_use_og":false,"twitter_card":"default","twitter_image_type":"default","twitter_image_custom_url":null,"twitter_image_custom_fields":null,"twitter_image_url":null,"twitter_title":null,"twitter_description":null,"schema_type":"default","schema_type_options":null,"schema":{"blockGraphs":[],"customGraphs":[],"default":{"data":{"Article":[],"Course":[],"Dataset":[],"FAQPage":[],"Movie":[],"Person":[],"Product":[],"ProductReview":[],"Car":[],"Recipe":[],"Service":[],"SoftwareApplication":[],"WebPage":[]},"graphName":"","isEnabled":true},"graphs":[]},"pillar_content":false,"robots_default":true,"robots_noindex":false,"robots_noarchive":false,"robots_nosnippet":false,"robots_nofollow":false,"robots_noimageindex":false,"robots_noodp":false,"robots_notranslate":false,"robots_max_snippet":null,"robots_max_videopreview":null,"robots_max_imagepreview":"large","priority":null,"frequency":null,"local_seo":null,"limit_modified_date":false,"ai":null,"breadcrumb_settings":null,"seo_analyzer_scan_date":null,"created":"2026-07-26 05:42:48","updated":"2026-08-11 20:04:51","focus_keyword":null,"additional_keywords":null,"truseo_locale":null},"aioseo_breadcrumb":"<div class=\"aioseo-breadcrumbs\"><span class=\"aioseo-breadcrumb\">\n\t\t\t<a href=\"https:\/\/encontroamigosdoradio.com.br\" title=\"Home\">Home<\/a>\n\t\t<\/span><span class=\"aioseo-breadcrumb-separator\">&raquo;<\/span><span class=\"aioseo-breadcrumb\">\n\t\t\tV\u00eddeos\n\t\t<\/span><\/div>","aioseo_breadcrumb_json":[{"label":"Home","link":"https:\/\/encontroamigosdoradio.com.br"},{"label":"V\u00eddeos","link":"https:\/\/encontroamigosdoradio.com.br\/index.php\/videos\/"}],"_links":{"self":[{"href":"https:\/\/encontroamigosdoradio.com.br\/index.php\/wp-json\/wp\/v2\/pages\/668","targetHints":{"allow":["GET"]}}],"collection":[{"href":"https:\/\/encontroamigosdoradio.com.br\/index.php\/wp-json\/wp\/v2\/pages"}],"about":[{"href":"https:\/\/encontroamigosdoradio.com.br\/index.php\/wp-json\/wp\/v2\/types\/page"}],"author":[{"embeddable":true,"href":"https:\/\/encontroamigosdoradio.com.br\/index.php\/wp-json\/wp\/v2\/users\/1"}],"replies":[{"embeddable":true,"href":"https:\/\/encontroamigosdoradio.com.br\/index.php\/wp-json\/wp\/v2\/comments?post=668"}],"version-history":[{"count":7,"href":"https:\/\/encontroamigosdoradio.com.br\/index.php\/wp-json\/wp\/v2\/pages\/668\/revisions"}],"predecessor-version":[{"id":832,"href":"https:\/\/encontroamigosdoradio.com.br\/index.php\/wp-json\/wp\/v2\/pages\/668\/revisions\/832"}],"wp:attachment":[{"href":"https:\/\/encontroamigosdoradio.com.br\/index.php\/wp-json\/wp\/v2\/media?parent=668"}],"curies":[{"name":"wp","href":"https:\/\/api.w.org\/{rel}","templated":true}]}}